{"id":25,"date":"2023-02-20T08:50:26","date_gmt":"2023-02-20T08:50:26","guid":{"rendered":"https:\/\/pro-ser-001.datia-analytics.com\/?page_id=25"},"modified":"2024-04-10T15:02:14","modified_gmt":"2024-04-10T13:02:14","slug":"noticias","status":"publish","type":"page","link":"https:\/\/coiqcv.com\/val\/noticias\/","title":{"rendered":"Not\u00edcies"},"content":{"rendered":"<div data-elementor-type=\"wp-page\" data-elementor-id=\"25\" class=\"elementor elementor-25\" data-elementor-post-type=\"page\">\n\t\t\t\t\t\t<section data-particle_enable=\"false\" data-particle-mobile-disabled=\"false\" class=\"elementor-section elementor-top-section elementor-element elementor-element-4f2093d elementor-section-boxed elementor-section-height-default elementor-section-height-default\" data-id=\"4f2093d\" data-element_type=\"section\" data-e-type=\"section\" data-settings=\"{&quot;jet_parallax_layout_list&quot;:[]}\">\n\t\t\t\t\t\t<div class=\"elementor-container elementor-column-gap-default\">\n\t\t\t\t\t<div class=\"elementor-column elementor-col-100 elementor-top-column elementor-element elementor-element-2f29401\" data-id=\"2f29401\" data-element_type=\"column\" data-e-type=\"column\">\n\t\t\t<div class=\"elementor-widget-wrap elementor-element-populated\">\n\t\t\t\t\t\t<div class=\"elementor-element elementor-element-971ee1e elementor-widget elementor-widget-heading\" data-id=\"971ee1e\" data-element_type=\"widget\" data-e-type=\"widget\" data-widget_type=\"heading.default\">\n\t\t\t\t<div class=\"elementor-widget-container\">\n\t\t\t\t\t<h2 class=\"elementor-heading-title elementor-size-default\">Actualitat<\/h2>\t\t\t\t<\/div>\n\t\t\t\t<\/div>\n\t\t\t\t<div class=\"elementor-element elementor-element-04da4d7 elementor-grid-3 elementor-grid-tablet-2 elementor-grid-mobile-1 elementor-posts--thumbnail-top elementor-widget elementor-widget-posts\" data-id=\"04da4d7\" data-element_type=\"widget\" data-e-type=\"widget\" data-settings=\"{&quot;pagination_type&quot;:&quot;numbers_and_prev_next&quot;,&quot;classic_columns&quot;:&quot;3&quot;,&quot;classic_columns_tablet&quot;:&quot;2&quot;,&quot;classic_columns_mobile&quot;:&quot;1&quot;,&quot;classic_row_gap&quot;:{&quot;unit&quot;:&quot;px&quot;,&quot;size&quot;:35,&quot;sizes&quot;:[]},&quot;classic_row_gap_tablet&quot;:{&quot;unit&quot;:&quot;px&quot;,&quot;size&quot;:&quot;&quot;,&quot;sizes&quot;:[]},&quot;classic_row_gap_mobile&quot;:{&quot;unit&quot;:&quot;px&quot;,&quot;size&quot;:&quot;&quot;,&quot;sizes&quot;:[]}}\" data-widget_type=\"posts.classic\">\n\t\t\t\t<div class=\"elementor-widget-container\">\n\t\t\t\t\t\t\t<div class=\"elementor-posts-container elementor-posts elementor-posts--skin-classic elementor-grid\" role=\"list\">\n\t\t\t\t<article class=\"elementor-post elementor-grid-item post-9867 post type-post status-publish format-standard has-post-thumbnail hentry category-coiqcv\" role=\"listitem\">\n\t\t\t\t<a class=\"elementor-post__thumbnail__link\" href=\"https:\/\/coiqcv.com\/val\/la-ciencia-detras-de-un-juguete-seguroel-papel-de-la-ingenieria-quimica-en-la-proteccion-infantil\/\" tabindex=\"-1\" >\n\t\t\t<div class=\"elementor-post__thumbnail\"><img fetchpriority=\"high\" decoding=\"async\" width=\"1696\" height=\"848\" src=\"https:\/\/coiqcv.com\/wp-content\/uploads\/2026\/07\/Copia-de-entrevista-maria-cabrelles-1.png\" class=\"attachment-full size-full wp-image-9868\" alt=\"\" \/><\/div>\n\t\t<\/a>\n\t\t\t\t<div class=\"elementor-post__text\">\n\t\t\t\t<h3 class=\"elementor-post__title\">\n\t\t\t<a href=\"https:\/\/coiqcv.com\/val\/la-ciencia-detras-de-un-juguete-seguroel-papel-de-la-ingenieria-quimica-en-la-proteccion-infantil\/\" >\n\t\t\t\tLa ci\u00e8ncia darrere una joguina segura: el paper de l&#039;Enginyeria Qu\u00edmica en la protecci\u00f3 infantil\t\t\t<\/a>\n\t\t<\/h3>\n\t\t\t\t<div class=\"elementor-post__meta-data\">\n\t\t\t\t\t<span class=\"elementor-post-date\">\n\t\t\t27\/07\/2026\t\t<\/span>\n\t\t\t\t<\/div>\n\t\t\n\t\t<a class=\"elementor-post__read-more\" href=\"https:\/\/coiqcv.com\/val\/la-ciencia-detras-de-un-juguete-seguroel-papel-de-la-ingenieria-quimica-en-la-proteccion-infantil\/\" aria-label=\"Read more about La ci\u00e8ncia darrere una joguina segura: el paper de l&#039;Enginyeria Qu\u00edmica en la protecci\u00f3 infantil\" tabindex=\"-1\" >\n\t\t\tLlegir m\u00e9s \u00bb\t\t<\/a>\n\n\t\t\t\t<\/div>\n\t\t\t\t<\/article>\n\t\t\t\t<article class=\"elementor-post elementor-grid-item post-9831 post type-post status-publish format-standard has-post-thumbnail hentry category-coiqcv\" role=\"listitem\">\n\t\t\t\t<a class=\"elementor-post__thumbnail__link\" href=\"https:\/\/coiqcv.com\/val\/la-seguridad-de-procesos-no-es-solo-aplicar-una-norma-es-entender-el-riesgo-real-priorizar-comunicar-bien-y-proponer-medidas-que-sean-tecnicamente-solidas-y-aplicables-en-planta\/\" tabindex=\"-1\" >\n\t\t\t<div class=\"elementor-post__thumbnail\"><img decoding=\"async\" width=\"1696\" height=\"848\" src=\"https:\/\/coiqcv.com\/wp-content\/uploads\/2026\/07\/entrevista-maria-cabrelles-1.png\" class=\"attachment-full size-full wp-image-9832\" alt=\"\" \/><\/div>\n\t\t<\/a>\n\t\t\t\t<div class=\"elementor-post__text\">\n\t\t\t\t<h3 class=\"elementor-post__title\">\n\t\t\t<a href=\"https:\/\/coiqcv.com\/val\/la-seguridad-de-procesos-no-es-solo-aplicar-una-norma-es-entender-el-riesgo-real-priorizar-comunicar-bien-y-proponer-medidas-que-sean-tecnicamente-solidas-y-aplicables-en-planta\/\" >\n\t\t\t\tLa seguretat de processos no \u00e9s nom\u00e9s aplicar una norma; \u00e9s entendre el risc real, prioritzar, comunicar b\u00e9 i proposar mesures que siguin t\u00e8cnicament s\u00f2lides i aplicables a la planta.\t\t\t<\/a>\n\t\t<\/h3>\n\t\t\t\t<div class=\"elementor-post__meta-data\">\n\t\t\t\t\t<span class=\"elementor-post-date\">\n\t\t\t22\/07\/2026\t\t<\/span>\n\t\t\t\t<\/div>\n\t\t\n\t\t<a class=\"elementor-post__read-more\" href=\"https:\/\/coiqcv.com\/val\/la-seguridad-de-procesos-no-es-solo-aplicar-una-norma-es-entender-el-riesgo-real-priorizar-comunicar-bien-y-proponer-medidas-que-sean-tecnicamente-solidas-y-aplicables-en-planta\/\" aria-label=\"Read more about La seguretat de processos no \u00e9s nom\u00e9s aplicar una norma; \u00e9s entendre el risc real, prioritzar, comunicar b\u00e9 i proposar mesures que siguin t\u00e8cnicament s\u00f2lides i aplicables a la planta.\" tabindex=\"-1\" >\n\t\t\tLlegir m\u00e9s \u00bb\t\t<\/a>\n\n\t\t\t\t<\/div>\n\t\t\t\t<\/article>\n\t\t\t\t<article class=\"elementor-post elementor-grid-item post-9800 post type-post status-publish format-standard has-post-thumbnail hentry category-coiqcv\" role=\"listitem\">\n\t\t\t\t<a class=\"elementor-post__thumbnail__link\" href=\"https:\/\/coiqcv.com\/val\/el-colegio-conecta-el-talento-joven-con-la-realidad-del-sector-industrial\/\" tabindex=\"-1\" >\n\t\t\t<div class=\"elementor-post__thumbnail\"><img decoding=\"async\" width=\"1696\" height=\"848\" src=\"https:\/\/coiqcv.com\/wp-content\/uploads\/2026\/07\/cidiq-coiqcv.png\" class=\"attachment-full size-full wp-image-9805\" alt=\"\" \/><\/div>\n\t\t<\/a>\n\t\t\t\t<div class=\"elementor-post__text\">\n\t\t\t\t<h3 class=\"elementor-post__title\">\n\t\t\t<a href=\"https:\/\/coiqcv.com\/val\/el-colegio-conecta-el-talento-joven-con-la-realidad-del-sector-industrial\/\" >\n\t\t\t\tEl Col\u00b7legi connecta el talent jove amb la realitat del sector industrial\t\t\t<\/a>\n\t\t<\/h3>\n\t\t\t\t<div class=\"elementor-post__meta-data\">\n\t\t\t\t\t<span class=\"elementor-post-date\">\n\t\t\t16\/07\/2026\t\t<\/span>\n\t\t\t\t<\/div>\n\t\t\n\t\t<a class=\"elementor-post__read-more\" href=\"https:\/\/coiqcv.com\/val\/el-colegio-conecta-el-talento-joven-con-la-realidad-del-sector-industrial\/\" aria-label=\"Read more about El Col\u00b7legi connecta el talent jove amb la realitat del sector industrial\" tabindex=\"-1\" >\n\t\t\tLlegir m\u00e9s \u00bb\t\t<\/a>\n\n\t\t\t\t<\/div>\n\t\t\t\t<\/article>\n\t\t\t\t<article class=\"elementor-post elementor-grid-item post-9763 post type-post status-publish format-standard has-post-thumbnail hentry category-coiqcv\" role=\"listitem\">\n\t\t\t\t<a class=\"elementor-post__thumbnail__link\" href=\"https:\/\/coiqcv.com\/val\/la-ue-unifica-el-presupuesto-de-la-echa-que-implica-para-la-ingenieria-quimica\/\" tabindex=\"-1\" >\n\t\t\t<div class=\"elementor-post__thumbnail\"><img loading=\"lazy\" decoding=\"async\" width=\"1696\" height=\"848\" src=\"https:\/\/coiqcv.com\/wp-content\/uploads\/2026\/07\/ECHA.png\" class=\"attachment-full size-full wp-image-9764\" alt=\"\" \/><\/div>\n\t\t<\/a>\n\t\t\t\t<div class=\"elementor-post__text\">\n\t\t\t\t<h3 class=\"elementor-post__title\">\n\t\t\t<a href=\"https:\/\/coiqcv.com\/val\/la-ue-unifica-el-presupuesto-de-la-echa-que-implica-para-la-ingenieria-quimica\/\" >\n\t\t\t\tLa Uni\u00f3 Europea unifica el pressupost de l&#039;ECHA: Qu\u00e8 implica per a l&#039;enginyeria qu\u00edmica?\t\t\t<\/a>\n\t\t<\/h3>\n\t\t\t\t<div class=\"elementor-post__meta-data\">\n\t\t\t\t\t<span class=\"elementor-post-date\">\n\t\t\t08\/07\/2026\t\t<\/span>\n\t\t\t\t<\/div>\n\t\t\n\t\t<a class=\"elementor-post__read-more\" href=\"https:\/\/coiqcv.com\/val\/la-ue-unifica-el-presupuesto-de-la-echa-que-implica-para-la-ingenieria-quimica\/\" aria-label=\"Read more about La UE unifica el pressupost de l&#039;ECHA: Qu\u00e8 implica per a l&#039;enginyeria qu\u00edmica?\" tabindex=\"-1\" >\n\t\t\tLlegir m\u00e9s \u00bb\t\t<\/a>\n\n\t\t\t\t<\/div>\n\t\t\t\t<\/article>\n\t\t\t\t<article class=\"elementor-post elementor-grid-item post-9749 post type-post status-publish format-standard has-post-thumbnail hentry category-coiqcv\" role=\"listitem\">\n\t\t\t\t<a class=\"elementor-post__thumbnail__link\" href=\"https:\/\/coiqcv.com\/val\/las-lentes-polarizadas-la-tecnologia-que-mejora-la-vision-y-reduce-el-deslumbramiento\/\" tabindex=\"-1\" >\n\t\t\t<div class=\"elementor-post__thumbnail\"><img loading=\"lazy\" decoding=\"async\" width=\"1200\" height=\"627\" src=\"https:\/\/coiqcv.com\/wp-content\/uploads\/2026\/07\/Copia-de-Copia-de-Copia-de-Copia-de-Copia-de-Copia-de-Diseno-sin-titulo-1200-x-627-px-1.png\" class=\"attachment-full size-full wp-image-9751\" alt=\"\" \/><\/div>\n\t\t<\/a>\n\t\t\t\t<div class=\"elementor-post__text\">\n\t\t\t\t<h3 class=\"elementor-post__title\">\n\t\t\t<a href=\"https:\/\/coiqcv.com\/val\/las-lentes-polarizadas-la-tecnologia-que-mejora-la-vision-y-reduce-el-deslumbramiento\/\" >\n\t\t\t\tLes lents polaritzades: la tecnologia que millora la visi\u00f3 i redueix l&#039;enlluernament\t\t\t<\/a>\n\t\t<\/h3>\n\t\t\t\t<div class=\"elementor-post__meta-data\">\n\t\t\t\t\t<span class=\"elementor-post-date\">\n\t\t\t02\/07\/2026\t\t<\/span>\n\t\t\t\t<\/div>\n\t\t\n\t\t<a class=\"elementor-post__read-more\" href=\"https:\/\/coiqcv.com\/val\/las-lentes-polarizadas-la-tecnologia-que-mejora-la-vision-y-reduce-el-deslumbramiento\/\" aria-label=\"Read more about Les lents polaritzades: la tecnologia que millora la visi\u00f3 i redueix l&#039;enlluernament\" tabindex=\"-1\" >\n\t\t\tLlegir m\u00e9s \u00bb\t\t<\/a>\n\n\t\t\t\t<\/div>\n\t\t\t\t<\/article>\n\t\t\t\t<article class=\"elementor-post elementor-grid-item post-9698 post type-post status-publish format-standard has-post-thumbnail hentry category-coiqcv\" role=\"listitem\">\n\t\t\t\t<a class=\"elementor-post__thumbnail__link\" href=\"https:\/\/coiqcv.com\/val\/el-coiqcv-participa-en-la-reunion-de-la-vicepresidencia-tercera-sobre-la-transicion-climatica-y-el-papel-de-los-profesionales-ambientales\/\" tabindex=\"-1\" >\n\t\t\t<div class=\"elementor-post__thumbnail\"><img loading=\"lazy\" decoding=\"async\" width=\"1696\" height=\"848\" src=\"https:\/\/coiqcv.com\/wp-content\/uploads\/2026\/06\/Copia-de-Copia-de-Copia-de-Copia-de-Diseno-sin-titulo-1.png\" class=\"attachment-full size-full wp-image-9699\" alt=\"\" \/><\/div>\n\t\t<\/a>\n\t\t\t\t<div class=\"elementor-post__text\">\n\t\t\t\t<h3 class=\"elementor-post__title\">\n\t\t\t<a href=\"https:\/\/coiqcv.com\/val\/el-coiqcv-participa-en-la-reunion-de-la-vicepresidencia-tercera-sobre-la-transicion-climatica-y-el-papel-de-los-profesionales-ambientales\/\" >\n\t\t\t\tEl COIQCV participa a la reuni\u00f3 de la Vicepresid\u00e8ncia Tercera sobre la transici\u00f3 clim\u00e0tica i el paper dels professionals ambientals\t\t\t<\/a>\n\t\t<\/h3>\n\t\t\t\t<div class=\"elementor-post__meta-data\">\n\t\t\t\t\t<span class=\"elementor-post-date\">\n\t\t\t19\/06\/2026\t\t<\/span>\n\t\t\t\t<\/div>\n\t\t\n\t\t<a class=\"elementor-post__read-more\" href=\"https:\/\/coiqcv.com\/val\/el-coiqcv-participa-en-la-reunion-de-la-vicepresidencia-tercera-sobre-la-transicion-climatica-y-el-papel-de-los-profesionales-ambientales\/\" aria-label=\"Read more about El COIQCV participa a la reuni\u00f3 de la Vicepresid\u00e8ncia Tercera sobre la transici\u00f3 clim\u00e0tica i el paper dels professionals ambientals\" tabindex=\"-1\" >\n\t\t\tLlegir m\u00e9s \u00bb\t\t<\/a>\n\n\t\t\t\t<\/div>\n\t\t\t\t<\/article>\n\t\t\t\t<article class=\"elementor-post elementor-grid-item post-9665 post type-post status-publish format-standard has-post-thumbnail hentry category-coiqcv\" role=\"listitem\">\n\t\t\t\t<a class=\"elementor-post__thumbnail__link\" href=\"https:\/\/coiqcv.com\/val\/el-coiqcv-participa-en-la-jornada-family-de-girls4stem-dedicada-a-la-neurocientifica-conchi-lillo\/\" tabindex=\"-1\" >\n\t\t\t<div class=\"elementor-post__thumbnail\"><img loading=\"lazy\" decoding=\"async\" width=\"1696\" height=\"848\" src=\"https:\/\/coiqcv.com\/wp-content\/uploads\/2026\/06\/girls4steam.png\" class=\"attachment-full size-full wp-image-9666\" alt=\"\" \/><\/div>\n\t\t<\/a>\n\t\t\t\t<div class=\"elementor-post__text\">\n\t\t\t\t<h3 class=\"elementor-post__title\">\n\t\t\t<a href=\"https:\/\/coiqcv.com\/val\/el-coiqcv-participa-en-la-jornada-family-de-girls4stem-dedicada-a-la-neurocientifica-conchi-lillo\/\" >\n\t\t\t\tEL COIQCV PARTICIPA A LA JORNADA FAMILY DE GIRLS4STEM DEDICADA A LA NEUROCIENT\u00cdFICA CONCHI LILLO\t\t\t<\/a>\n\t\t<\/h3>\n\t\t\t\t<div class=\"elementor-post__meta-data\">\n\t\t\t\t\t<span class=\"elementor-post-date\">\n\t\t\t15\/06\/2026\t\t<\/span>\n\t\t\t\t<\/div>\n\t\t\n\t\t<a class=\"elementor-post__read-more\" href=\"https:\/\/coiqcv.com\/val\/el-coiqcv-participa-en-la-jornada-family-de-girls4stem-dedicada-a-la-neurocientifica-conchi-lillo\/\" aria-label=\"Read more about EL COIQCV PARTICIPA A LA JORNADA FAMILY DE GIRLS4STEM DEDICADA A LA NEUROCIENT\u00cdFICA CONCHI LILLO\" tabindex=\"-1\" >\n\t\t\tLlegir m\u00e9s \u00bb\t\t<\/a>\n\n\t\t\t\t<\/div>\n\t\t\t\t<\/article>\n\t\t\t\t<article class=\"elementor-post elementor-grid-item post-9573 post type-post status-publish format-standard has-post-thumbnail hentry category-coiqcv\" role=\"listitem\">\n\t\t\t\t<a class=\"elementor-post__thumbnail__link\" href=\"https:\/\/coiqcv.com\/val\/frente-comun-de-seis-colegios-profesionales-la-conselleria-impide-a-las-personas-especialistas-en-medio-ambiente-el-acceso-al-cuerpo-ambiental\/\" tabindex=\"-1\" >\n\t\t\t<div class=\"elementor-post__thumbnail\"><img loading=\"lazy\" decoding=\"async\" width=\"1696\" height=\"848\" src=\"https:\/\/coiqcv.com\/wp-content\/uploads\/2026\/05\/Copia-de-Copia-de-Diseno-sin-titulo.png\" class=\"attachment-full size-full wp-image-9574\" alt=\"\" \/><\/div>\n\t\t<\/a>\n\t\t\t\t<div class=\"elementor-post__text\">\n\t\t\t\t<h3 class=\"elementor-post__title\">\n\t\t\t<a href=\"https:\/\/coiqcv.com\/val\/frente-comun-de-seis-colegios-profesionales-la-conselleria-impide-a-las-personas-especialistas-en-medio-ambiente-el-acceso-al-cuerpo-ambiental\/\" >\n\t\t\t\tDAVANT COM\u00da DE SIS COL\u00b7LEGIS PROFESSIONALS: LA CONSELLERIA IMPEDeix A LES PERSONES ESPECIALISTES EN MEDI AMBIENT L&#039;ACC\u00c9S AL COS AMBIENTAL\t\t\t<\/a>\n\t\t<\/h3>\n\t\t\t\t<div class=\"elementor-post__meta-data\">\n\t\t\t\t\t<span class=\"elementor-post-date\">\n\t\t\t26\/05\/2026\t\t<\/span>\n\t\t\t\t<\/div>\n\t\t\n\t\t<a class=\"elementor-post__read-more\" href=\"https:\/\/coiqcv.com\/val\/frente-comun-de-seis-colegios-profesionales-la-conselleria-impide-a-las-personas-especialistas-en-medio-ambiente-el-acceso-al-cuerpo-ambiental\/\" aria-label=\"Read more about DAVANT COMUN DE SIS COL\u00b7LEGIS PROFESSIONALS: LA CONSELLERIA IMPIDEIX LES PERSONES ESPECIALISTES EN MEDI AMBIENT L&#039;ACC\u00c9S AL COS AMBIENTAL\" tabindex=\"-1\" >\n\t\t\tLlegir m\u00e9s \u00bb\t\t<\/a>\n\n\t\t\t\t<\/div>\n\t\t\t\t<\/article>\n\t\t\t\t<article class=\"elementor-post elementor-grid-item post-9433 post type-post status-publish format-standard has-post-thumbnail hentry category-coiqcv\" role=\"listitem\">\n\t\t\t\t<a class=\"elementor-post__thumbnail__link\" href=\"https:\/\/coiqcv.com\/val\/tercera-edicion-premios-avelino-corma\/\" tabindex=\"-1\" >\n\t\t\t<div class=\"elementor-post__thumbnail\"><img loading=\"lazy\" decoding=\"async\" width=\"1000\" height=\"563\" src=\"https:\/\/coiqcv.com\/wp-content\/uploads\/2026\/04\/covestro-premis-ingenieria-quimica_4_1000x563.jpeg\" class=\"attachment-full size-full wp-image-9434\" alt=\"\" \/><\/div>\n\t\t<\/a>\n\t\t\t\t<div class=\"elementor-post__text\">\n\t\t\t\t<h3 class=\"elementor-post__title\">\n\t\t\t<a href=\"https:\/\/coiqcv.com\/val\/tercera-edicion-premios-avelino-corma\/\" >\n\t\t\t\tTercera edici\u00f3 Premis Avelino Corma\t\t\t<\/a>\n\t\t<\/h3>\n\t\t\t\t<div class=\"elementor-post__meta-data\">\n\t\t\t\t\t<span class=\"elementor-post-date\">\n\t\t\t22\/04\/2026\t\t<\/span>\n\t\t\t\t<\/div>\n\t\t\n\t\t<a class=\"elementor-post__read-more\" href=\"https:\/\/coiqcv.com\/val\/tercera-edicion-premios-avelino-corma\/\" aria-label=\"Read more about Tercera edici\u00f3 Premis Avelino Corma\" tabindex=\"-1\" >\n\t\t\tLlegir m\u00e9s \u00bb\t\t<\/a>\n\n\t\t\t\t<\/div>\n\t\t\t\t<\/article>\n\t\t\t\t<article class=\"elementor-post elementor-grid-item post-9415 post type-post status-publish format-standard has-post-thumbnail hentry category-coiqcv\" role=\"listitem\">\n\t\t\t\t<a class=\"elementor-post__thumbnail__link\" href=\"https:\/\/coiqcv.com\/val\/el-colegio-oficial-de-ingenieros-quimicos-de-la-comunitat-valenciana-coiqcv-reafirma-su-compromiso-con-la-excelencia-y-el-futuro-de-la-profesion-participando-en-la-organizacion-de-la-iii-edicion-de-lo\/\" tabindex=\"-1\" >\n\t\t\t<div class=\"elementor-post__thumbnail\"><img loading=\"lazy\" decoding=\"async\" width=\"1920\" height=\"771\" src=\"https:\/\/coiqcv.com\/wp-content\/uploads\/2026\/02\/3a-Edicion-Premios-Avelino-Corma.png\" class=\"attachment-full size-full wp-image-9165\" alt=\"\" \/><\/div>\n\t\t<\/a>\n\t\t\t\t<div class=\"elementor-post__text\">\n\t\t\t\t<h3 class=\"elementor-post__title\">\n\t\t\t<a href=\"https:\/\/coiqcv.com\/val\/el-colegio-oficial-de-ingenieros-quimicos-de-la-comunitat-valenciana-coiqcv-reafirma-su-compromiso-con-la-excelencia-y-el-futuro-de-la-profesion-participando-en-la-organizacion-de-la-iii-edicion-de-lo\/\" >\n\t\t\t\tEl Col\u00b7legi Oficial d&#039;Enginyers Qu\u00edmics de la Comunitat Valenciana (COIQCV) reafirma el comprom\u00eds amb l&#039;excel\u00b7l\u00e8ncia i el futur de la professi\u00f3 participant en l&#039;organitzaci\u00f3 de la III Edici\u00f3 dels Premis Nacionals Avelino Corma, que se celebraran el proper 18 d&#039;abril a Barcelona.\t\t\t<\/a>\n\t\t<\/h3>\n\t\t\t\t<div class=\"elementor-post__meta-data\">\n\t\t\t\t\t<span class=\"elementor-post-date\">\n\t\t\t17\/04\/2026\t\t<\/span>\n\t\t\t\t<\/div>\n\t\t\n\t\t<a class=\"elementor-post__read-more\" href=\"https:\/\/coiqcv.com\/val\/el-colegio-oficial-de-ingenieros-quimicos-de-la-comunitat-valenciana-coiqcv-reafirma-su-compromiso-con-la-excelencia-y-el-futuro-de-la-profesion-participando-en-la-organizacion-de-la-iii-edicion-de-lo\/\" aria-label=\"Read more about El Col\u00b7legi Oficial d&#039;Enginyers Qu\u00edmics de la Comunitat Valenciana (COIQCV) reafirma el seu comprom\u00eds amb l&#039;excel\u00b7l\u00e8ncia i el futur de la professi\u00f3 participant en l&#039;organitzaci\u00f3 de la III Edici\u00f3 dels Premis Nacionals Avelino Corma, que se celebraran el proper 18 d&#039;abril a Barcelona.\" tabindex=\"-1\" >\n\t\t\tLlegir m\u00e9s \u00bb\t\t<\/a>\n\n\t\t\t\t<\/div>\n\t\t\t\t<\/article>\n\t\t\t\t<article class=\"elementor-post elementor-grid-item post-9366 post type-post status-publish format-standard has-post-thumbnail hentry category-coiqcv\" role=\"listitem\">\n\t\t\t\t<a class=\"elementor-post__thumbnail__link\" href=\"https:\/\/coiqcv.com\/val\/sumamos-fuerzas-por-el-talento-femenino\/\" tabindex=\"-1\" >\n\t\t\t<div class=\"elementor-post__thumbnail\"><img loading=\"lazy\" decoding=\"async\" width=\"1920\" height=\"1080\" src=\"https:\/\/coiqcv.com\/wp-content\/uploads\/2026\/03\/INGENIERIA-UA.png\" class=\"attachment-full size-full wp-image-9367\" alt=\"\" \/><\/div>\n\t\t<\/a>\n\t\t\t\t<div class=\"elementor-post__text\">\n\t\t\t\t<h3 class=\"elementor-post__title\">\n\t\t\t<a href=\"https:\/\/coiqcv.com\/val\/sumamos-fuerzas-por-el-talento-femenino\/\" >\n\t\t\t\tSumem forces pel talent femen\u00ed\t\t\t<\/a>\n\t\t<\/h3>\n\t\t\t\t<div class=\"elementor-post__meta-data\">\n\t\t\t\t\t<span class=\"elementor-post-date\">\n\t\t\t31\/03\/2026\t\t<\/span>\n\t\t\t\t<\/div>\n\t\t\n\t\t<a class=\"elementor-post__read-more\" href=\"https:\/\/coiqcv.com\/val\/sumamos-fuerzas-por-el-talento-femenino\/\" aria-label=\"Read more about Sumem forces pel talent femen\u00ed\" tabindex=\"-1\" >\n\t\t\tLlegir m\u00e9s \u00bb\t\t<\/a>\n\n\t\t\t\t<\/div>\n\t\t\t\t<\/article>\n\t\t\t\t<article class=\"elementor-post elementor-grid-item post-9299 post type-post status-publish format-standard has-post-thumbnail hentry category-coiqcv\" role=\"listitem\">\n\t\t\t\t<a class=\"elementor-post__thumbnail__link\" href=\"https:\/\/coiqcv.com\/val\/becas-para-estudiantes-en-el-cidiq-2026-impulso-al-talento-joven-en-ingenieria-quimica\/\" tabindex=\"-1\" >\n\t\t\t<div class=\"elementor-post__thumbnail\"><img loading=\"lazy\" decoding=\"async\" width=\"1920\" height=\"1080\" src=\"https:\/\/coiqcv.com\/wp-content\/uploads\/2026\/03\/becas-cidiq.png\" class=\"attachment-full size-full wp-image-9301\" alt=\"\" \/><\/div>\n\t\t<\/a>\n\t\t\t\t<div class=\"elementor-post__text\">\n\t\t\t\t<h3 class=\"elementor-post__title\">\n\t\t\t<a href=\"https:\/\/coiqcv.com\/val\/becas-para-estudiantes-en-el-cidiq-2026-impulso-al-talento-joven-en-ingenieria-quimica\/\" >\n\t\t\t\tBeques per a estudiants al CIDIQ 2026: impuls al talent jove a Enginyeria Qu\u00edmica\t\t\t<\/a>\n\t\t<\/h3>\n\t\t\t\t<div class=\"elementor-post__meta-data\">\n\t\t\t\t\t<span class=\"elementor-post-date\">\n\t\t\t23\/03\/2026\t\t<\/span>\n\t\t\t\t<\/div>\n\t\t\n\t\t<a class=\"elementor-post__read-more\" href=\"https:\/\/coiqcv.com\/val\/becas-para-estudiantes-en-el-cidiq-2026-impulso-al-talento-joven-en-ingenieria-quimica\/\" aria-label=\"Read more about Beques per a estudiants al CIDIQ 2026: impuls al talent jove a Enginyeria Qu\u00edmica\" tabindex=\"-1\" >\n\t\t\tLlegir m\u00e9s \u00bb\t\t<\/a>\n\n\t\t\t\t<\/div>\n\t\t\t\t<\/article>\n\t\t\t\t<article class=\"elementor-post elementor-grid-item post-9160 post type-post status-publish format-standard has-post-thumbnail hentry category-coiqcv\" role=\"listitem\">\n\t\t\t\t<a class=\"elementor-post__thumbnail__link\" href=\"https:\/\/coiqcv.com\/val\/anuncio-del-viii-congreso-de-innovacion-docente-en-ingenieria-quimica\/\" tabindex=\"-1\" >\n\t\t\t<div class=\"elementor-post__thumbnail\"><img loading=\"lazy\" decoding=\"async\" width=\"1920\" height=\"1080\" src=\"https:\/\/coiqcv.com\/wp-content\/uploads\/2026\/02\/cidiq-1.png\" class=\"attachment-full size-full wp-image-9161\" alt=\"\" \/><\/div>\n\t\t<\/a>\n\t\t\t\t<div class=\"elementor-post__text\">\n\t\t\t\t<h3 class=\"elementor-post__title\">\n\t\t\t<a href=\"https:\/\/coiqcv.com\/val\/anuncio-del-viii-congreso-de-innovacion-docente-en-ingenieria-quimica\/\" >\n\t\t\t\tAnunci del VIII Congr\u00e9s d&#039;Innovaci\u00f3 Docent en Enginyeria Qu\u00edmica\t\t\t<\/a>\n\t\t<\/h3>\n\t\t\t\t<div class=\"elementor-post__meta-data\">\n\t\t\t\t\t<span class=\"elementor-post-date\">\n\t\t\t20\/02\/2026\t\t<\/span>\n\t\t\t\t<\/div>\n\t\t\n\t\t<a class=\"elementor-post__read-more\" href=\"https:\/\/coiqcv.com\/val\/anuncio-del-viii-congreso-de-innovacion-docente-en-ingenieria-quimica\/\" aria-label=\"Read more about Anunci del VIII Congr\u00e9s d&#039;Innovaci\u00f3 Docent en Enginyeria Qu\u00edmica\" tabindex=\"-1\" >\n\t\t\tLlegir m\u00e9s \u00bb\t\t<\/a>\n\n\t\t\t\t<\/div>\n\t\t\t\t<\/article>\n\t\t\t\t<article class=\"elementor-post elementor-grid-item post-9153 post type-post status-publish format-standard has-post-thumbnail hentry category-coiqcv\" role=\"listitem\">\n\t\t\t\t<a class=\"elementor-post__thumbnail__link\" href=\"https:\/\/coiqcv.com\/val\/nace-el-premio-miguel-burdeos-para-reconocer-la-excelencia-en-quimica-e-ingenieria-quimica\/\" tabindex=\"-1\" >\n\t\t\t<div class=\"elementor-post__thumbnail\"><img loading=\"lazy\" decoding=\"async\" width=\"1920\" height=\"1080\" src=\"https:\/\/coiqcv.com\/wp-content\/uploads\/2026\/02\/Copia-de-1920-x-1080-px-1.png\" class=\"attachment-full size-full wp-image-9155\" alt=\"\" \/><\/div>\n\t\t<\/a>\n\t\t\t\t<div class=\"elementor-post__text\">\n\t\t\t\t<h3 class=\"elementor-post__title\">\n\t\t\t<a href=\"https:\/\/coiqcv.com\/val\/nace-el-premio-miguel-burdeos-para-reconocer-la-excelencia-en-quimica-e-ingenieria-quimica\/\" >\n\t\t\t\tNeix el Premi Miguel Bordeus per recon\u00e8ixer l&#039;excel\u00b7l\u00e8ncia en Qu\u00edmica i Enginyeria Qu\u00edmica\t\t\t<\/a>\n\t\t<\/h3>\n\t\t\t\t<div class=\"elementor-post__meta-data\">\n\t\t\t\t\t<span class=\"elementor-post-date\">\n\t\t\t18\/02\/2026\t\t<\/span>\n\t\t\t\t<\/div>\n\t\t\n\t\t<a class=\"elementor-post__read-more\" href=\"https:\/\/coiqcv.com\/val\/nace-el-premio-miguel-burdeos-para-reconocer-la-excelencia-en-quimica-e-ingenieria-quimica\/\" aria-label=\"Read more about Neix el Premi Miguel Bordeus per recon\u00e8ixer l&#039;excel\u00b7l\u00e8ncia en Qu\u00edmica i Enginyeria Qu\u00edmica\" tabindex=\"-1\" >\n\t\t\tLlegir m\u00e9s \u00bb\t\t<\/a>\n\n\t\t\t\t<\/div>\n\t\t\t\t<\/article>\n\t\t\t\t<article class=\"elementor-post elementor-grid-item post-9095 post type-post status-publish format-standard has-post-thumbnail hentry category-coiqcv\" role=\"listitem\">\n\t\t\t\t<a class=\"elementor-post__thumbnail__link\" href=\"https:\/\/coiqcv.com\/val\/acceso-a-normas-une-una-ventaja-estrategica-para-l-s-profesionales-colegiad-s\/\" tabindex=\"-1\" >\n\t\t\t<div class=\"elementor-post__thumbnail\"><img loading=\"lazy\" decoding=\"async\" width=\"1696\" height=\"848\" src=\"https:\/\/coiqcv.com\/wp-content\/uploads\/2026\/02\/normas-une-.png\" class=\"attachment-full size-full wp-image-9096\" alt=\"\" \/><\/div>\n\t\t<\/a>\n\t\t\t\t<div class=\"elementor-post__text\">\n\t\t\t\t<h3 class=\"elementor-post__title\">\n\t\t\t<a href=\"https:\/\/coiqcv.com\/val\/acceso-a-normas-une-una-ventaja-estrategica-para-l-s-profesionales-colegiad-s\/\" >\n\t\t\t\tAcc\u00e9s a normes UNE: un avantatge estrat\u00e8gic per als professionals col\u00b7legiats\t\t\t<\/a>\n\t\t<\/h3>\n\t\t\t\t<div class=\"elementor-post__meta-data\">\n\t\t\t\t\t<span class=\"elementor-post-date\">\n\t\t\t10\/02\/2026\t\t<\/span>\n\t\t\t\t<\/div>\n\t\t\n\t\t<a class=\"elementor-post__read-more\" href=\"https:\/\/coiqcv.com\/val\/acceso-a-normas-une-una-ventaja-estrategica-para-l-s-profesionales-colegiad-s\/\" aria-label=\"Read more about Acc\u00e9s a normes UNE: un avantatge estrat\u00e8gic per als professionals col\u00b7legiats\" tabindex=\"-1\" >\n\t\t\tLlegir m\u00e9s \u00bb\t\t<\/a>\n\n\t\t\t\t<\/div>\n\t\t\t\t<\/article>\n\t\t\t\t<\/div>\n\t\t\n\t\t\t\t<div class=\"e-load-more-anchor\" data-page=\"1\" data-max-page=\"7\" data-next-page=\"https:\/\/coiqcv.com\/val\/wp-json\/wp\/v2\/pages\/25\/page\/2\/\"><\/div>\n\t\t\t\t<nav class=\"elementor-pagination\" aria-label=\"Paginaci\u00f3\">\n\t\t\t<span class=\"page-numbers prev\">\u00ab Anterior<\/span>\n<span aria-current=\"page\" class=\"page-numbers current\"><span class=\"elementor-screen-only\">P\u00e0gina<\/span>1<\/span>\n<a class=\"page-numbers\" href=\"https:\/\/coiqcv.com\/val\/wp-json\/wp\/v2\/pages\/25\/page\/2\/\"><span class=\"elementor-screen-only\">P\u00e0gina<\/span>2<\/a>\n<a class=\"page-numbers\" href=\"https:\/\/coiqcv.com\/val\/wp-json\/wp\/v2\/pages\/25\/page\/3\/\"><span class=\"elementor-screen-only\">P\u00e0gina<\/span>3<\/a>\n<a class=\"page-numbers\" href=\"https:\/\/coiqcv.com\/val\/wp-json\/wp\/v2\/pages\/25\/page\/4\/\"><span class=\"elementor-screen-only\">P\u00e0gina<\/span>4<\/a>\n<a class=\"page-numbers\" href=\"https:\/\/coiqcv.com\/val\/wp-json\/wp\/v2\/pages\/25\/page\/5\/\"><span class=\"elementor-screen-only\">P\u00e0gina<\/span>5<\/a>\n<a class=\"page-numbers next\" href=\"https:\/\/coiqcv.com\/val\/wp-json\/wp\/v2\/pages\/25\/page\/2\/\">Seg\u00fcent \u00bb<\/a>\t\t<\/nav>\n\t\t\t\t\t\t<\/div>\n\t\t\t\t<\/div>\n\t\t\t\t\t<\/div>\n\t\t<\/div>\n\t\t\t\t\t<\/div>\n\t\t<\/section>\n\t\t\t\t<\/div>","protected":false},"excerpt":{"rendered":"<p>Actualitat<\/p>","protected":false},"author":1,"featured_media":0,"parent":0,"menu_order":0,"comment_status":"closed","ping_status":"closed","template":"","meta":{"_monsterinsights_skip_tracking":false,"_uf_show_specific_survey":0,"_uf_disable_surveys":false,"footnotes":""},"class_list":["post-25","page","type-page","status-publish","hentry"],"aioseo_notices":[],"aioseo_head":"\n\t\t<!-- All in One SEO 4.9.10 - aioseo.com -->\n\t<meta name=\"description\" content=\"El acceso a las normas UNE se ha consolidado como un recurso clave para los profesionales colegiados, no solo como herramienta t\u00e9cnica, sino como ventaja estrat\u00e9gica en su ejercicio profesional. Contar con estas normas permite a los profesionales mantenerse al d\u00eda con los \u00faltimos requisitos normativos, asegurando competencias actualizadas y relevantes. Adem\u00e1s, contribuye a mejorar\" \/>\n\t<meta name=\"robots\" content=\"max-image-preview:large\" \/>\n\t<link rel=\"canonical\" href=\"https:\/\/coiqcv.com\/val\/acceso-a-normas-une-una-ventaja-estrategica-para-l-s-profesionales-colegiad-s\/\" \/>\n\t<meta name=\"generator\" content=\"All in One SEO (AIOSEO) 4.9.10\" \/>\n\t\t<meta property=\"og:locale\" content=\"ca_ES\" \/>\n\t\t<meta property=\"og:site_name\" content=\"COIQCV - COIQCV\" \/>\n\t\t<meta property=\"og:type\" content=\"article\" \/>\n\t\t<meta property=\"og:title\" content=\"Acceso a normas UNE: una ventaja estrat\u00e9gica para l\/s profesionales colegiad\/s - COIQCV\" \/>\n\t\t<meta property=\"og:description\" content=\"El acceso a las normas UNE se ha consolidado como un recurso clave para los profesionales colegiados, no solo como herramienta t\u00e9cnica, sino como ventaja estrat\u00e9gica en su ejercicio profesional. Contar con estas normas permite a los profesionales mantenerse al d\u00eda con los \u00faltimos requisitos normativos, asegurando competencias actualizadas y relevantes. Adem\u00e1s, contribuye a mejorar\" \/>\n\t\t<meta property=\"og:url\" content=\"https:\/\/coiqcv.com\/val\/acceso-a-normas-une-una-ventaja-estrategica-para-l-s-profesionales-colegiad-s\/\" \/>\n\t\t<meta property=\"og:image\" content=\"https:\/\/coiqcv.com\/wp-content\/uploads\/2023\/02\/logo-coiqcv-blanco.png\" \/>\n\t\t<meta property=\"og:image:secure_url\" content=\"https:\/\/coiqcv.com\/wp-content\/uploads\/2023\/02\/logo-coiqcv-blanco.png\" \/>\n\t\t<meta property=\"og:image:width\" content=\"893\" \/>\n\t\t<meta property=\"og:image:height\" content=\"316\" \/>\n\t\t<meta property=\"article:published_time\" content=\"2026-02-10T09:13:54+00:00\" \/>\n\t\t<meta property=\"article:modified_time\" content=\"2026-02-10T09:13:55+00:00\" \/>\n\t\t<meta name=\"twitter:card\" content=\"summary_large_image\" \/>\n\t\t<meta name=\"twitter:title\" content=\"Acceso a normas UNE: una ventaja estrat\u00e9gica para l\/s profesionales colegiad\/s - COIQCV\" \/>\n\t\t<meta name=\"twitter:description\" content=\"El acceso a las normas UNE se ha consolidado como un recurso clave para los profesionales colegiados, no solo como herramienta t\u00e9cnica, sino como ventaja estrat\u00e9gica en su ejercicio profesional. Contar con estas normas permite a los profesionales mantenerse al d\u00eda con los \u00faltimos requisitos normativos, asegurando competencias actualizadas y relevantes. Adem\u00e1s, contribuye a mejorar\" \/>\n\t\t<meta name=\"twitter:image\" content=\"https:\/\/coiqcv.com\/wp-content\/uploads\/2023\/02\/logo-coiqcv-blanco.png\" \/>\n\t\t<script type=\"application\/ld+json\" class=\"aioseo-schema\">\n\t\t\t{\"@context\":\"https:\\\/\\\/schema.org\",\"@graph\":[{\"@type\":\"BlogPosting\",\"@id\":\"https:\\\/\\\/coiqcv.com\\\/val\\\/acceso-a-normas-une-una-ventaja-estrategica-para-l-s-profesionales-colegiad-s\\\/#blogposting\",\"name\":\"Acceso a normas UNE: una ventaja estrat\\u00e9gica para l\\\/s profesionales colegiad\\\/s - COIQCV\",\"headline\":\"Acceso a normas UNE: una ventaja estrat\\u00e9gica para l\\\/s profesionales colegiad\\\/s\",\"author\":{\"@id\":\"https:\\\/\\\/coiqcv.com\\\/val\\\/author\\\/coiqcv_admin\\\/#author\"},\"publisher\":{\"@id\":\"https:\\\/\\\/coiqcv.com\\\/val\\\/#organization\"},\"image\":{\"@type\":\"ImageObject\",\"url\":\"https:\\\/\\\/coiqcv.com\\\/wp-content\\\/uploads\\\/2026\\\/02\\\/normas-une-.png\",\"width\":1696,\"height\":848},\"datePublished\":\"2026-02-10T10:13:54+01:00\",\"dateModified\":\"2026-02-10T10:13:55+01:00\",\"inLanguage\":\"ca\",\"mainEntityOfPage\":{\"@id\":\"https:\\\/\\\/coiqcv.com\\\/val\\\/acceso-a-normas-une-una-ventaja-estrategica-para-l-s-profesionales-colegiad-s\\\/#webpage\"},\"isPartOf\":{\"@id\":\"https:\\\/\\\/coiqcv.com\\\/val\\\/acceso-a-normas-une-una-ventaja-estrategica-para-l-s-profesionales-colegiad-s\\\/#webpage\"},\"articleSection\":\"COIQCV\"},{\"@type\":\"BreadcrumbList\",\"@id\":\"https:\\\/\\\/coiqcv.com\\\/val\\\/acceso-a-normas-une-una-ventaja-estrategica-para-l-s-profesionales-colegiad-s\\\/#breadcrumblist\",\"itemListElement\":[{\"@type\":\"ListItem\",\"@id\":\"https:\\\/\\\/coiqcv.com\\\/val#listItem\",\"position\":1,\"name\":\"Home\",\"item\":\"https:\\\/\\\/coiqcv.com\\\/val\",\"nextItem\":{\"@type\":\"ListItem\",\"@id\":\"https:\\\/\\\/coiqcv.com\\\/val\\\/noticias\\\/#listItem\",\"name\":\"Noticias\"}},{\"@type\":\"ListItem\",\"@id\":\"https:\\\/\\\/coiqcv.com\\\/val\\\/noticias\\\/#listItem\",\"position\":2,\"name\":\"Noticias\",\"previousItem\":{\"@type\":\"ListItem\",\"@id\":\"https:\\\/\\\/coiqcv.com\\\/val#listItem\",\"name\":\"Home\"}}]},{\"@type\":\"Organization\",\"@id\":\"https:\\\/\\\/coiqcv.com\\\/val\\\/#organization\",\"name\":\"COIQCV\",\"description\":\"COIQCV\",\"url\":\"https:\\\/\\\/coiqcv.com\\\/val\\\/\",\"logo\":{\"@type\":\"ImageObject\",\"url\":\"https:\\\/\\\/coiqcv.com\\\/wp-content\\\/uploads\\\/2023\\\/02\\\/logo-coiqcv-blanco.png\",\"@id\":\"https:\\\/\\\/coiqcv.com\\\/val\\\/acceso-a-normas-une-una-ventaja-estrategica-para-l-s-profesionales-colegiad-s\\\/#organizationLogo\",\"width\":893,\"height\":316},\"image\":{\"@id\":\"https:\\\/\\\/coiqcv.com\\\/val\\\/acceso-a-normas-une-una-ventaja-estrategica-para-l-s-profesionales-colegiad-s\\\/#organizationLogo\"}},{\"@type\":\"Person\",\"@id\":\"https:\\\/\\\/coiqcv.com\\\/val\\\/author\\\/coiqcv_admin\\\/#author\",\"url\":\"https:\\\/\\\/coiqcv.com\\\/val\\\/author\\\/coiqcv_admin\\\/\",\"name\":\"Administrador\",\"image\":{\"@type\":\"ImageObject\",\"@id\":\"https:\\\/\\\/coiqcv.com\\\/val\\\/acceso-a-normas-une-una-ventaja-estrategica-para-l-s-profesionales-colegiad-s\\\/#authorImage\",\"url\":\"https:\\\/\\\/secure.gravatar.com\\\/avatar\\\/29b2554e8120db6a89af061fcdbd8ec7849977a4b78c263d27df6bca660ae779?s=96&d=mm&r=g\",\"width\":96,\"height\":96,\"caption\":\"Administrador\"}},{\"@type\":\"WebPage\",\"@id\":\"https:\\\/\\\/coiqcv.com\\\/val\\\/acceso-a-normas-une-una-ventaja-estrategica-para-l-s-profesionales-colegiad-s\\\/#webpage\",\"url\":\"https:\\\/\\\/coiqcv.com\\\/val\\\/acceso-a-normas-une-una-ventaja-estrategica-para-l-s-profesionales-colegiad-s\\\/\",\"name\":\"Acceso a normas UNE: una ventaja estrat\\u00e9gica para l\\\/s profesionales colegiad\\\/s - COIQCV\",\"description\":\"El acceso a las normas UNE se ha consolidado como un recurso clave para los profesionales colegiados, no solo como herramienta t\\u00e9cnica, sino como ventaja estrat\\u00e9gica en su ejercicio profesional. Contar con estas normas permite a los profesionales mantenerse al d\\u00eda con los \\u00faltimos requisitos normativos, asegurando competencias actualizadas y relevantes. Adem\\u00e1s, contribuye a mejorar\",\"inLanguage\":\"ca\",\"isPartOf\":{\"@id\":\"https:\\\/\\\/coiqcv.com\\\/val\\\/#website\"},\"breadcrumb\":{\"@id\":\"https:\\\/\\\/coiqcv.com\\\/val\\\/acceso-a-normas-une-una-ventaja-estrategica-para-l-s-profesionales-colegiad-s\\\/#breadcrumblist\"},\"author\":{\"@id\":\"https:\\\/\\\/coiqcv.com\\\/val\\\/author\\\/coiqcv_admin\\\/#author\"},\"creator\":{\"@id\":\"https:\\\/\\\/coiqcv.com\\\/val\\\/author\\\/coiqcv_admin\\\/#author\"},\"image\":{\"@type\":\"ImageObject\",\"url\":\"https:\\\/\\\/coiqcv.com\\\/wp-content\\\/uploads\\\/2026\\\/02\\\/normas-une-.png\",\"@id\":\"https:\\\/\\\/coiqcv.com\\\/val\\\/acceso-a-normas-une-una-ventaja-estrategica-para-l-s-profesionales-colegiad-s\\\/#mainImage\",\"width\":1696,\"height\":848},\"primaryImageOfPage\":{\"@id\":\"https:\\\/\\\/coiqcv.com\\\/val\\\/acceso-a-normas-une-una-ventaja-estrategica-para-l-s-profesionales-colegiad-s\\\/#mainImage\"},\"datePublished\":\"2026-02-10T10:13:54+01:00\",\"dateModified\":\"2026-02-10T10:13:55+01:00\"},{\"@type\":\"WebSite\",\"@id\":\"https:\\\/\\\/coiqcv.com\\\/val\\\/#website\",\"url\":\"https:\\\/\\\/coiqcv.com\\\/val\\\/\",\"name\":\"COIQCV\",\"description\":\"COIQCV\",\"inLanguage\":\"ca\",\"publisher\":{\"@id\":\"https:\\\/\\\/coiqcv.com\\\/val\\\/#organization\"}}]}\n\t\t<\/script>\n\t\t<!-- All in One SEO -->\n\n","aioseo_head_json":{"title":"Acc\u00e9s a normes UNE: un avantatge estrat\u00e8gic per a l\/s professionals col\u00b7legiat\/es - COIQCV","description":"L&#039;acc\u00e9s a les normes UNE s&#039;ha consolidat com a recurs clau per als professionals col\u00b7legiats, no nom\u00e9s com a eina t\u00e8cnica, sin\u00f3 com a avantatge estrat\u00e8gic en el seu exercici professional. Comptar amb aquestes normes permet als professionals mantenir-se al dia amb els darrers requisits normatius, assegurant compet\u00e8ncies actualitzades i rellevants. A m\u00e9s, contribueix a millorar","canonical_url":"https:\/\/coiqcv.com\/val\/acceso-a-normas-une-una-ventaja-estrategica-para-l-s-profesionales-colegiad-s\/","robots":"max-image-preview:large","keywords":"","webmasterTools":{"miscellaneous":""},"schema":{"@context":"https:\/\/schema.org","@graph":[{"@type":"BlogPosting","@id":"https:\/\/coiqcv.com\/val\/acceso-a-normas-une-una-ventaja-estrategica-para-l-s-profesionales-colegiad-s\/#blogposting","name":"Acceso a normas UNE: una ventaja estrat\u00e9gica para l\/s profesionales colegiad\/s - COIQCV","headline":"Acceso a normas UNE: una ventaja estrat\u00e9gica para l\/s profesionales colegiad\/s","author":{"@id":"https:\/\/coiqcv.com\/val\/author\/coiqcv_admin\/#author"},"publisher":{"@id":"https:\/\/coiqcv.com\/val\/#organization"},"image":{"@type":"ImageObject","url":"https:\/\/coiqcv.com\/wp-content\/uploads\/2026\/02\/normas-une-.png","width":1696,"height":848},"datePublished":"2026-02-10T10:13:54+01:00","dateModified":"2026-02-10T10:13:55+01:00","inLanguage":"ca","mainEntityOfPage":{"@id":"https:\/\/coiqcv.com\/val\/acceso-a-normas-une-una-ventaja-estrategica-para-l-s-profesionales-colegiad-s\/#webpage"},"isPartOf":{"@id":"https:\/\/coiqcv.com\/val\/acceso-a-normas-une-una-ventaja-estrategica-para-l-s-profesionales-colegiad-s\/#webpage"},"articleSection":"COIQCV"},{"@type":"BreadcrumbList","@id":"https:\/\/coiqcv.com\/val\/acceso-a-normas-une-una-ventaja-estrategica-para-l-s-profesionales-colegiad-s\/#breadcrumblist","itemListElement":[{"@type":"ListItem","@id":"https:\/\/coiqcv.com\/val#listItem","position":1,"name":"Home","item":"https:\/\/coiqcv.com\/val","nextItem":{"@type":"ListItem","@id":"https:\/\/coiqcv.com\/val\/noticias\/#listItem","name":"Noticias"}},{"@type":"ListItem","@id":"https:\/\/coiqcv.com\/val\/noticias\/#listItem","position":2,"name":"Noticias","previousItem":{"@type":"ListItem","@id":"https:\/\/coiqcv.com\/val#listItem","name":"Home"}}]},{"@type":"Organization","@id":"https:\/\/coiqcv.com\/val\/#organization","name":"COIQCV","description":"COIQCV","url":"https:\/\/coiqcv.com\/val\/","logo":{"@type":"ImageObject","url":"https:\/\/coiqcv.com\/wp-content\/uploads\/2023\/02\/logo-coiqcv-blanco.png","@id":"https:\/\/coiqcv.com\/val\/acceso-a-normas-une-una-ventaja-estrategica-para-l-s-profesionales-colegiad-s\/#organizationLogo","width":893,"height":316},"image":{"@id":"https:\/\/coiqcv.com\/val\/acceso-a-normas-une-una-ventaja-estrategica-para-l-s-profesionales-colegiad-s\/#organizationLogo"}},{"@type":"Person","@id":"https:\/\/coiqcv.com\/val\/author\/coiqcv_admin\/#author","url":"https:\/\/coiqcv.com\/val\/author\/coiqcv_admin\/","name":"Administrador","image":{"@type":"ImageObject","@id":"https:\/\/coiqcv.com\/val\/acceso-a-normas-une-una-ventaja-estrategica-para-l-s-profesionales-colegiad-s\/#authorImage","url":"https:\/\/secure.gravatar.com\/avatar\/29b2554e8120db6a89af061fcdbd8ec7849977a4b78c263d27df6bca660ae779?s=96&d=mm&r=g","width":96,"height":96,"caption":"Administrador"}},{"@type":"WebPage","@id":"https:\/\/coiqcv.com\/val\/acceso-a-normas-une-una-ventaja-estrategica-para-l-s-profesionales-colegiad-s\/#webpage","url":"https:\/\/coiqcv.com\/val\/acceso-a-normas-une-una-ventaja-estrategica-para-l-s-profesionales-colegiad-s\/","name":"Acceso a normas UNE: una ventaja estrat\u00e9gica para l\/s profesionales colegiad\/s - COIQCV","description":"El acceso a las normas UNE se ha consolidado como un recurso clave para los profesionales colegiados, no solo como herramienta t\u00e9cnica, sino como ventaja estrat\u00e9gica en su ejercicio profesional. Contar con estas normas permite a los profesionales mantenerse al d\u00eda con los \u00faltimos requisitos normativos, asegurando competencias actualizadas y relevantes. Adem\u00e1s, contribuye a mejorar","inLanguage":"ca","isPartOf":{"@id":"https:\/\/coiqcv.com\/val\/#website"},"breadcrumb":{"@id":"https:\/\/coiqcv.com\/val\/acceso-a-normas-une-una-ventaja-estrategica-para-l-s-profesionales-colegiad-s\/#breadcrumblist"},"author":{"@id":"https:\/\/coiqcv.com\/val\/author\/coiqcv_admin\/#author"},"creator":{"@id":"https:\/\/coiqcv.com\/val\/author\/coiqcv_admin\/#author"},"image":{"@type":"ImageObject","url":"https:\/\/coiqcv.com\/wp-content\/uploads\/2026\/02\/normas-une-.png","@id":"https:\/\/coiqcv.com\/val\/acceso-a-normas-une-una-ventaja-estrategica-para-l-s-profesionales-colegiad-s\/#mainImage","width":1696,"height":848},"primaryImageOfPage":{"@id":"https:\/\/coiqcv.com\/val\/acceso-a-normas-une-una-ventaja-estrategica-para-l-s-profesionales-colegiad-s\/#mainImage"},"datePublished":"2026-02-10T10:13:54+01:00","dateModified":"2026-02-10T10:13:55+01:00"},{"@type":"WebSite","@id":"https:\/\/coiqcv.com\/val\/#website","url":"https:\/\/coiqcv.com\/val\/","name":"COIQCV","description":"COIQCV","inLanguage":"ca","publisher":{"@id":"https:\/\/coiqcv.com\/val\/#organization"}}]},"og:locale":"ca_ES","og:site_name":"COIQCV - COIQCV","og:type":"article","og:title":"Acceso a normas UNE: una ventaja estrat\u00e9gica para l\/s profesionales colegiad\/s - COIQCV","og:description":"El acceso a las normas UNE se ha consolidado como un recurso clave para los profesionales colegiados, no solo como herramienta t\u00e9cnica, sino como ventaja estrat\u00e9gica en su ejercicio profesional. Contar con estas normas permite a los profesionales mantenerse al d\u00eda con los \u00faltimos requisitos normativos, asegurando competencias actualizadas y relevantes. Adem\u00e1s, contribuye a mejorar","og:url":"https:\/\/coiqcv.com\/val\/acceso-a-normas-une-una-ventaja-estrategica-para-l-s-profesionales-colegiad-s\/","og:image":"https:\/\/coiqcv.com\/wp-content\/uploads\/2023\/02\/logo-coiqcv-blanco.png","og:image:secure_url":"https:\/\/coiqcv.com\/wp-content\/uploads\/2023\/02\/logo-coiqcv-blanco.png","og:image:width":893,"og:image:height":316,"article:published_time":"2026-02-10T09:13:54+00:00","article:modified_time":"2026-02-10T09:13:55+00:00","twitter:card":"summary_large_image","twitter:title":"Acceso a normas UNE: una ventaja estrat\u00e9gica para l\/s profesionales colegiad\/s - COIQCV","twitter:description":"El acceso a las normas UNE se ha consolidado como un recurso clave para los profesionales colegiados, no solo como herramienta t\u00e9cnica, sino como ventaja estrat\u00e9gica en su ejercicio profesional. Contar con estas normas permite a los profesionales mantenerse al d\u00eda con los \u00faltimos requisitos normativos, asegurando competencias actualizadas y relevantes. Adem\u00e1s, contribuye a mejorar","twitter:image":"https:\/\/coiqcv.com\/wp-content\/uploads\/2023\/02\/logo-coiqcv-blanco.png"},"aioseo_meta_data":{"post_id":"25","title":null,"description":null,"keywords":null,"keyphrases":null,"primary_term":null,"canonical_url":null,"og_title":null,"og_description":null,"og_object_type":"default","og_image_type":"default","og_image_url":null,"og_image_width":null,"og_image_height":null,"og_image_custom_url":null,"og_image_custom_fields":null,"og_video":null,"og_custom_url":null,"og_article_section":null,"og_article_tags":null,"twitter_use_og":false,"twitter_card":"default","twitter_image_type":"default","twitter_image_url":null,"twitter_image_custom_url":null,"twitter_image_custom_fields":null,"twitter_title":null,"twitter_description":null,"schema":{"blockGraphs":[],"customGraphs":[],"default":{"data":{"Article":[],"Course":[],"Dataset":[],"FAQPage":[],"Movie":[],"Person":[],"Product":[],"ProductReview":[],"Car":[],"Recipe":[],"Service":[],"SoftwareApplication":[],"WebPage":[]},"graphName":"","isEnabled":true},"graphs":[]},"schema_type":"default","schema_type_options":null,"pillar_content":false,"robots_default":true,"robots_noindex":false,"robots_noarchive":false,"robots_nosnippet":false,"robots_nofollow":false,"robots_noimageindex":false,"robots_noodp":false,"robots_notranslate":false,"robots_max_snippet":null,"robots_max_videopreview":null,"robots_max_imagepreview":"large","priority":null,"frequency":null,"local_seo":null,"breadcrumb_settings":null,"limit_modified_date":false,"ai":null,"created":"2023-12-09 13:20:24","updated":"2025-06-16 10:58:50","seo_analyzer_scan_date":null},"aioseo_breadcrumb":"<div class=\"aioseo-breadcrumbs\"><span class=\"aioseo-breadcrumb\">\n\t\t\t<a href=\"https:\/\/coiqcv.com\/val\" title=\"Home\">Home<\/a>\n\t\t<\/span><span class=\"aioseo-breadcrumb-separator\">&raquo;<\/span><span class=\"aioseo-breadcrumb\">\n\t\t\tNoticias\n\t\t<\/span><\/div>","aioseo_breadcrumb_json":[{"label":"Home","link":"https:\/\/coiqcv.com\/val"},{"label":"Noticias","link":"https:\/\/coiqcv.com\/val\/noticias\/"}],"_links":{"self":[{"href":"https:\/\/coiqcv.com\/val\/wp-json\/wp\/v2\/pages\/25","targetHints":{"allow":["GET"]}}],"collection":[{"href":"https:\/\/coiqcv.com\/val\/wp-json\/wp\/v2\/pages"}],"about":[{"href":"https:\/\/coiqcv.com\/val\/wp-json\/wp\/v2\/types\/page"}],"author":[{"embeddable":true,"href":"https:\/\/coiqcv.com\/val\/wp-json\/wp\/v2\/users\/1"}],"replies":[{"embeddable":true,"href":"https:\/\/coiqcv.com\/val\/wp-json\/wp\/v2\/comments?post=25"}],"version-history":[{"count":28,"href":"https:\/\/coiqcv.com\/val\/wp-json\/wp\/v2\/pages\/25\/revisions"}],"predecessor-version":[{"id":5194,"href":"https:\/\/coiqcv.com\/val\/wp-json\/wp\/v2\/pages\/25\/revisions\/5194"}],"wp:attachment":[{"href":"https:\/\/coiqcv.com\/val\/wp-json\/wp\/v2\/media?parent=25"}],"curies":[{"name":"wp","href":"https:\/\/api.w.org\/{rel}","templated":true}]}}