{"id":25,"date":"2023-02-20T08:50:26","date_gmt":"2023-02-20T08:50:26","guid":{"rendered":"https:\/\/pro-ser-001.datia-analytics.com\/?page_id=25"},"modified":"2024-04-10T15:02:14","modified_gmt":"2024-04-10T13:02:14","slug":"noticias","status":"publish","type":"page","link":"https:\/\/coiqcv.com\/val\/noticias\/","title":{"rendered":"Not\u00edcies"},"content":{"rendered":"<div data-elementor-type=\"wp-page\" data-elementor-id=\"25\" class=\"elementor elementor-25\" data-elementor-post-type=\"page\">\n\t\t\t\t\t\t<section data-particle_enable=\"false\" data-particle-mobile-disabled=\"false\" class=\"elementor-section elementor-top-section elementor-element elementor-element-4f2093d elementor-section-boxed elementor-section-height-default elementor-section-height-default\" data-id=\"4f2093d\" data-element_type=\"section\" data-e-type=\"section\" data-settings=\"{&quot;jet_parallax_layout_list&quot;:[]}\">\n\t\t\t\t\t\t<div class=\"elementor-container elementor-column-gap-default\">\n\t\t\t\t\t<div class=\"elementor-column elementor-col-100 elementor-top-column elementor-element elementor-element-2f29401\" data-id=\"2f29401\" data-element_type=\"column\" data-e-type=\"column\">\n\t\t\t<div class=\"elementor-widget-wrap elementor-element-populated\">\n\t\t\t\t\t\t<div class=\"elementor-element elementor-element-971ee1e elementor-widget elementor-widget-heading\" data-id=\"971ee1e\" data-element_type=\"widget\" data-e-type=\"widget\" data-widget_type=\"heading.default\">\n\t\t\t\t<div class=\"elementor-widget-container\">\n\t\t\t\t\t<h2 class=\"elementor-heading-title elementor-size-default\">Actualitat<\/h2>\t\t\t\t<\/div>\n\t\t\t\t<\/div>\n\t\t\t\t<div class=\"elementor-element elementor-element-04da4d7 elementor-grid-3 elementor-grid-tablet-2 elementor-grid-mobile-1 elementor-posts--thumbnail-top elementor-widget elementor-widget-posts\" data-id=\"04da4d7\" data-element_type=\"widget\" data-e-type=\"widget\" data-settings=\"{&quot;pagination_type&quot;:&quot;numbers_and_prev_next&quot;,&quot;classic_columns&quot;:&quot;3&quot;,&quot;classic_columns_tablet&quot;:&quot;2&quot;,&quot;classic_columns_mobile&quot;:&quot;1&quot;,&quot;classic_row_gap&quot;:{&quot;unit&quot;:&quot;px&quot;,&quot;size&quot;:35,&quot;sizes&quot;:[]},&quot;classic_row_gap_tablet&quot;:{&quot;unit&quot;:&quot;px&quot;,&quot;size&quot;:&quot;&quot;,&quot;sizes&quot;:[]},&quot;classic_row_gap_mobile&quot;:{&quot;unit&quot;:&quot;px&quot;,&quot;size&quot;:&quot;&quot;,&quot;sizes&quot;:[]}}\" data-widget_type=\"posts.classic\">\n\t\t\t\t<div class=\"elementor-widget-container\">\n\t\t\t\t\t\t\t<div class=\"elementor-posts-container elementor-posts elementor-posts--skin-classic elementor-grid\" role=\"list\">\n\t\t\t\t<article class=\"elementor-post elementor-grid-item post-9433 post type-post status-publish format-standard has-post-thumbnail hentry category-coiqcv\" role=\"listitem\">\n\t\t\t\t<a class=\"elementor-post__thumbnail__link\" href=\"https:\/\/coiqcv.com\/val\/tercera-edicion-premios-avelino-corma\/\" tabindex=\"-1\" >\n\t\t\t<div class=\"elementor-post__thumbnail\"><img fetchpriority=\"high\" decoding=\"async\" width=\"1000\" height=\"563\" src=\"https:\/\/coiqcv.com\/wp-content\/uploads\/2026\/04\/covestro-premis-ingenieria-quimica_4_1000x563.jpeg\" class=\"attachment-full size-full wp-image-9434\" alt=\"\" \/><\/div>\n\t\t<\/a>\n\t\t\t\t<div class=\"elementor-post__text\">\n\t\t\t\t<h3 class=\"elementor-post__title\">\n\t\t\t<a href=\"https:\/\/coiqcv.com\/val\/tercera-edicion-premios-avelino-corma\/\" >\n\t\t\t\tTercera edici\u00f3 Premis Avelino Corma\t\t\t<\/a>\n\t\t<\/h3>\n\t\t\t\t<div class=\"elementor-post__meta-data\">\n\t\t\t\t\t<span class=\"elementor-post-date\">\n\t\t\t22\/04\/2026\t\t<\/span>\n\t\t\t\t<\/div>\n\t\t\n\t\t<a class=\"elementor-post__read-more\" href=\"https:\/\/coiqcv.com\/val\/tercera-edicion-premios-avelino-corma\/\" aria-label=\"Read more about Tercera edici\u00f3n Premios Avelino Corma\" tabindex=\"-1\" >\n\t\t\tLlegir m\u00e9s \u00bb\t\t<\/a>\n\n\t\t\t\t<\/div>\n\t\t\t\t<\/article>\n\t\t\t\t<article class=\"elementor-post elementor-grid-item post-9415 post type-post status-publish format-standard has-post-thumbnail hentry category-coiqcv\" role=\"listitem\">\n\t\t\t\t<a class=\"elementor-post__thumbnail__link\" href=\"https:\/\/coiqcv.com\/val\/el-colegio-oficial-de-ingenieros-quimicos-de-la-comunitat-valenciana-coiqcv-reafirma-su-compromiso-con-la-excelencia-y-el-futuro-de-la-profesion-participando-en-la-organizacion-de-la-iii-edicion-de-lo\/\" tabindex=\"-1\" >\n\t\t\t<div class=\"elementor-post__thumbnail\"><img decoding=\"async\" width=\"1920\" height=\"771\" src=\"https:\/\/coiqcv.com\/wp-content\/uploads\/2026\/02\/3a-Edicion-Premios-Avelino-Corma.png\" class=\"attachment-full size-full wp-image-9165\" alt=\"\" \/><\/div>\n\t\t<\/a>\n\t\t\t\t<div class=\"elementor-post__text\">\n\t\t\t\t<h3 class=\"elementor-post__title\">\n\t\t\t<a href=\"https:\/\/coiqcv.com\/val\/el-colegio-oficial-de-ingenieros-quimicos-de-la-comunitat-valenciana-coiqcv-reafirma-su-compromiso-con-la-excelencia-y-el-futuro-de-la-profesion-participando-en-la-organizacion-de-la-iii-edicion-de-lo\/\" >\n\t\t\t\tEl Col\u00b7legi Oficial d&#039;Enginyers Qu\u00edmics de la Comunitat Valenciana (COIQCV) reafirma el comprom\u00eds amb l&#039;excel\u00b7l\u00e8ncia i el futur de la professi\u00f3 participant en l&#039;organitzaci\u00f3 de la III Edici\u00f3 dels Premis Nacionals Avelino Corma, que se celebraran el proper 18 d&#039;abril a Barcelona.\t\t\t<\/a>\n\t\t<\/h3>\n\t\t\t\t<div class=\"elementor-post__meta-data\">\n\t\t\t\t\t<span class=\"elementor-post-date\">\n\t\t\t17\/04\/2026\t\t<\/span>\n\t\t\t\t<\/div>\n\t\t\n\t\t<a class=\"elementor-post__read-more\" href=\"https:\/\/coiqcv.com\/val\/el-colegio-oficial-de-ingenieros-quimicos-de-la-comunitat-valenciana-coiqcv-reafirma-su-compromiso-con-la-excelencia-y-el-futuro-de-la-profesion-participando-en-la-organizacion-de-la-iii-edicion-de-lo\/\" aria-label=\"Read more about El Colegio Oficial de Ingenieros Qu\u00edmicos de la Comunitat Valenciana (COIQCV) reafirma su compromiso con la excelencia y el futuro de la profesi\u00f3n participando en la organizaci\u00f3n de la III Edici\u00f3n de los Premios Nacionales Avelino Corma, que se celebrar\u00e1n el pr\u00f3ximo 18 de abril en Barcelona.\" tabindex=\"-1\" >\n\t\t\tLlegir m\u00e9s \u00bb\t\t<\/a>\n\n\t\t\t\t<\/div>\n\t\t\t\t<\/article>\n\t\t\t\t<article class=\"elementor-post elementor-grid-item post-9366 post type-post status-publish format-standard has-post-thumbnail hentry category-coiqcv\" role=\"listitem\">\n\t\t\t\t<a class=\"elementor-post__thumbnail__link\" href=\"https:\/\/coiqcv.com\/val\/sumamos-fuerzas-por-el-talento-femenino\/\" tabindex=\"-1\" >\n\t\t\t<div class=\"elementor-post__thumbnail\"><img decoding=\"async\" width=\"1920\" height=\"1080\" src=\"https:\/\/coiqcv.com\/wp-content\/uploads\/2026\/03\/INGENIERIA-UA.png\" class=\"attachment-full size-full wp-image-9367\" alt=\"\" \/><\/div>\n\t\t<\/a>\n\t\t\t\t<div class=\"elementor-post__text\">\n\t\t\t\t<h3 class=\"elementor-post__title\">\n\t\t\t<a href=\"https:\/\/coiqcv.com\/val\/sumamos-fuerzas-por-el-talento-femenino\/\" >\n\t\t\t\tSumem forces pel talent femen\u00ed\t\t\t<\/a>\n\t\t<\/h3>\n\t\t\t\t<div class=\"elementor-post__meta-data\">\n\t\t\t\t\t<span class=\"elementor-post-date\">\n\t\t\t31\/03\/2026\t\t<\/span>\n\t\t\t\t<\/div>\n\t\t\n\t\t<a class=\"elementor-post__read-more\" href=\"https:\/\/coiqcv.com\/val\/sumamos-fuerzas-por-el-talento-femenino\/\" aria-label=\"Read more about Sumamos fuerzas por el talento femenino\" tabindex=\"-1\" >\n\t\t\tLlegir m\u00e9s \u00bb\t\t<\/a>\n\n\t\t\t\t<\/div>\n\t\t\t\t<\/article>\n\t\t\t\t<article class=\"elementor-post elementor-grid-item post-9299 post type-post status-publish format-standard has-post-thumbnail hentry category-coiqcv\" role=\"listitem\">\n\t\t\t\t<a class=\"elementor-post__thumbnail__link\" href=\"https:\/\/coiqcv.com\/val\/becas-para-estudiantes-en-el-cidiq-2026-impulso-al-talento-joven-en-ingenieria-quimica\/\" tabindex=\"-1\" >\n\t\t\t<div class=\"elementor-post__thumbnail\"><img loading=\"lazy\" decoding=\"async\" width=\"1920\" height=\"1080\" src=\"https:\/\/coiqcv.com\/wp-content\/uploads\/2026\/03\/becas-cidiq.png\" class=\"attachment-full size-full wp-image-9301\" alt=\"\" \/><\/div>\n\t\t<\/a>\n\t\t\t\t<div class=\"elementor-post__text\">\n\t\t\t\t<h3 class=\"elementor-post__title\">\n\t\t\t<a href=\"https:\/\/coiqcv.com\/val\/becas-para-estudiantes-en-el-cidiq-2026-impulso-al-talento-joven-en-ingenieria-quimica\/\" >\n\t\t\t\tBeques per a estudiants al CIDIQ 2026: impuls al talent jove a Enginyeria Qu\u00edmica\t\t\t<\/a>\n\t\t<\/h3>\n\t\t\t\t<div class=\"elementor-post__meta-data\">\n\t\t\t\t\t<span class=\"elementor-post-date\">\n\t\t\t23\/03\/2026\t\t<\/span>\n\t\t\t\t<\/div>\n\t\t\n\t\t<a class=\"elementor-post__read-more\" href=\"https:\/\/coiqcv.com\/val\/becas-para-estudiantes-en-el-cidiq-2026-impulso-al-talento-joven-en-ingenieria-quimica\/\" aria-label=\"Read more about Becas para estudiantes en el CIDIQ 2026: impulso al talento joven en Ingenier\u00eda Qu\u00edmica\" tabindex=\"-1\" >\n\t\t\tLlegir m\u00e9s \u00bb\t\t<\/a>\n\n\t\t\t\t<\/div>\n\t\t\t\t<\/article>\n\t\t\t\t<article class=\"elementor-post elementor-grid-item post-9160 post type-post status-publish format-standard has-post-thumbnail hentry category-coiqcv\" role=\"listitem\">\n\t\t\t\t<a class=\"elementor-post__thumbnail__link\" href=\"https:\/\/coiqcv.com\/val\/anuncio-del-viii-congreso-de-innovacion-docente-en-ingenieria-quimica\/\" tabindex=\"-1\" >\n\t\t\t<div class=\"elementor-post__thumbnail\"><img loading=\"lazy\" decoding=\"async\" width=\"1920\" height=\"1080\" src=\"https:\/\/coiqcv.com\/wp-content\/uploads\/2026\/02\/cidiq-1.png\" class=\"attachment-full size-full wp-image-9161\" alt=\"\" \/><\/div>\n\t\t<\/a>\n\t\t\t\t<div class=\"elementor-post__text\">\n\t\t\t\t<h3 class=\"elementor-post__title\">\n\t\t\t<a href=\"https:\/\/coiqcv.com\/val\/anuncio-del-viii-congreso-de-innovacion-docente-en-ingenieria-quimica\/\" >\n\t\t\t\tAnunci del VIII Congr\u00e9s d&#039;Innovaci\u00f3 Docent en Enginyeria Qu\u00edmica\t\t\t<\/a>\n\t\t<\/h3>\n\t\t\t\t<div class=\"elementor-post__meta-data\">\n\t\t\t\t\t<span class=\"elementor-post-date\">\n\t\t\t20\/02\/2026\t\t<\/span>\n\t\t\t\t<\/div>\n\t\t\n\t\t<a class=\"elementor-post__read-more\" href=\"https:\/\/coiqcv.com\/val\/anuncio-del-viii-congreso-de-innovacion-docente-en-ingenieria-quimica\/\" aria-label=\"Read more about Anuncio del VIII Congreso de Innovaci\u00f3n Docente en Ingenier\u00eda Qu\u00edmica\" tabindex=\"-1\" >\n\t\t\tLlegir m\u00e9s \u00bb\t\t<\/a>\n\n\t\t\t\t<\/div>\n\t\t\t\t<\/article>\n\t\t\t\t<article class=\"elementor-post elementor-grid-item post-9153 post type-post status-publish format-standard has-post-thumbnail hentry category-coiqcv\" role=\"listitem\">\n\t\t\t\t<a class=\"elementor-post__thumbnail__link\" href=\"https:\/\/coiqcv.com\/val\/nace-el-premio-miguel-burdeos-para-reconocer-la-excelencia-en-quimica-e-ingenieria-quimica\/\" tabindex=\"-1\" >\n\t\t\t<div class=\"elementor-post__thumbnail\"><img loading=\"lazy\" decoding=\"async\" width=\"1920\" height=\"1080\" src=\"https:\/\/coiqcv.com\/wp-content\/uploads\/2026\/02\/Copia-de-1920-x-1080-px-1.png\" class=\"attachment-full size-full wp-image-9155\" alt=\"\" \/><\/div>\n\t\t<\/a>\n\t\t\t\t<div class=\"elementor-post__text\">\n\t\t\t\t<h3 class=\"elementor-post__title\">\n\t\t\t<a href=\"https:\/\/coiqcv.com\/val\/nace-el-premio-miguel-burdeos-para-reconocer-la-excelencia-en-quimica-e-ingenieria-quimica\/\" >\n\t\t\t\tNeix el Premi Miguel Bordeus per recon\u00e8ixer l&#039;excel\u00b7l\u00e8ncia en Qu\u00edmica i Enginyeria Qu\u00edmica\t\t\t<\/a>\n\t\t<\/h3>\n\t\t\t\t<div class=\"elementor-post__meta-data\">\n\t\t\t\t\t<span class=\"elementor-post-date\">\n\t\t\t18\/02\/2026\t\t<\/span>\n\t\t\t\t<\/div>\n\t\t\n\t\t<a class=\"elementor-post__read-more\" href=\"https:\/\/coiqcv.com\/val\/nace-el-premio-miguel-burdeos-para-reconocer-la-excelencia-en-quimica-e-ingenieria-quimica\/\" aria-label=\"Read more about Nace el Premio Miguel Burdeos para reconocer la excelencia en Qu\u00edmica e Ingenier\u00eda Qu\u00edmica\" tabindex=\"-1\" >\n\t\t\tLlegir m\u00e9s \u00bb\t\t<\/a>\n\n\t\t\t\t<\/div>\n\t\t\t\t<\/article>\n\t\t\t\t<article class=\"elementor-post elementor-grid-item post-9095 post type-post status-publish format-standard has-post-thumbnail hentry category-coiqcv\" role=\"listitem\">\n\t\t\t\t<a class=\"elementor-post__thumbnail__link\" href=\"https:\/\/coiqcv.com\/val\/acceso-a-normas-une-una-ventaja-estrategica-para-l-s-profesionales-colegiad-s\/\" tabindex=\"-1\" >\n\t\t\t<div class=\"elementor-post__thumbnail\"><img loading=\"lazy\" decoding=\"async\" width=\"1696\" height=\"848\" src=\"https:\/\/coiqcv.com\/wp-content\/uploads\/2026\/02\/normas-une-.png\" class=\"attachment-full size-full wp-image-9096\" alt=\"\" \/><\/div>\n\t\t<\/a>\n\t\t\t\t<div class=\"elementor-post__text\">\n\t\t\t\t<h3 class=\"elementor-post__title\">\n\t\t\t<a href=\"https:\/\/coiqcv.com\/val\/acceso-a-normas-une-una-ventaja-estrategica-para-l-s-profesionales-colegiad-s\/\" >\n\t\t\t\tAcc\u00e9s a normes UNE: un avantatge estrat\u00e8gic per als professionals col\u00b7legiats\t\t\t<\/a>\n\t\t<\/h3>\n\t\t\t\t<div class=\"elementor-post__meta-data\">\n\t\t\t\t\t<span class=\"elementor-post-date\">\n\t\t\t10\/02\/2026\t\t<\/span>\n\t\t\t\t<\/div>\n\t\t\n\t\t<a class=\"elementor-post__read-more\" href=\"https:\/\/coiqcv.com\/val\/acceso-a-normas-une-una-ventaja-estrategica-para-l-s-profesionales-colegiad-s\/\" aria-label=\"Read more about Acceso a normas UNE: una ventaja estrat\u00e9gica para l\/s profesionales colegiad\/s\" tabindex=\"-1\" >\n\t\t\tLlegir m\u00e9s \u00bb\t\t<\/a>\n\n\t\t\t\t<\/div>\n\t\t\t\t<\/article>\n\t\t\t\t<article class=\"elementor-post elementor-grid-item post-9045 post type-post status-publish format-standard has-post-thumbnail hentry category-coiqcv\" role=\"listitem\">\n\t\t\t\t<a class=\"elementor-post__thumbnail__link\" href=\"https:\/\/coiqcv.com\/val\/el-centro-educativo-miralvent-acoge-una-nueva-charla-del-programa-embajadores-steam\/\" tabindex=\"-1\" >\n\t\t\t<div class=\"elementor-post__thumbnail\"><img loading=\"lazy\" decoding=\"async\" width=\"1696\" height=\"848\" src=\"https:\/\/coiqcv.com\/wp-content\/uploads\/2026\/01\/leire-charla-steam.png\" class=\"attachment-full size-full wp-image-9049\" alt=\"\" \/><\/div>\n\t\t<\/a>\n\t\t\t\t<div class=\"elementor-post__text\">\n\t\t\t\t<h3 class=\"elementor-post__title\">\n\t\t\t<a href=\"https:\/\/coiqcv.com\/val\/el-centro-educativo-miralvent-acoge-una-nueva-charla-del-programa-embajadores-steam\/\" >\n\t\t\t\tEl Centre Educatiu Miralvent acull una nova xerrada del Programa Ambaixadors STEAM\t\t\t<\/a>\n\t\t<\/h3>\n\t\t\t\t<div class=\"elementor-post__meta-data\">\n\t\t\t\t\t<span class=\"elementor-post-date\">\n\t\t\t28\/01\/2026\t\t<\/span>\n\t\t\t\t<\/div>\n\t\t\n\t\t<a class=\"elementor-post__read-more\" href=\"https:\/\/coiqcv.com\/val\/el-centro-educativo-miralvent-acoge-una-nueva-charla-del-programa-embajadores-steam\/\" aria-label=\"Read more about El Centro Educativo Miralvent acoge una nueva charla del Programa Embajadores STEAM\" tabindex=\"-1\" >\n\t\t\tLlegir m\u00e9s \u00bb\t\t<\/a>\n\n\t\t\t\t<\/div>\n\t\t\t\t<\/article>\n\t\t\t\t<article class=\"elementor-post elementor-grid-item post-8988 post type-post status-publish format-standard has-post-thumbnail hentry category-coiqcv\" role=\"listitem\">\n\t\t\t\t<a class=\"elementor-post__thumbnail__link\" href=\"https:\/\/coiqcv.com\/val\/el-miteco-lanza-355-millones-de-euros-en-ayudas-para-reforzar-la-cadena-de-valor-industrial-de-tecnologias-limpias\/\" tabindex=\"-1\" >\n\t\t\t<div class=\"elementor-post__thumbnail\"><img loading=\"lazy\" decoding=\"async\" width=\"1696\" height=\"848\" src=\"https:\/\/coiqcv.com\/wp-content\/uploads\/2026\/01\/Copia-de-Copia-de-Defensa-de-las-Competencias-en-Seguridad-Industrial-Avances-y-Resolucion-de-la-CNMC-1.png\" class=\"attachment-full size-full wp-image-8989\" alt=\"\" \/><\/div>\n\t\t<\/a>\n\t\t\t\t<div class=\"elementor-post__text\">\n\t\t\t\t<h3 class=\"elementor-post__title\">\n\t\t\t<a href=\"https:\/\/coiqcv.com\/val\/el-miteco-lanza-355-millones-de-euros-en-ayudas-para-reforzar-la-cadena-de-valor-industrial-de-tecnologias-limpias\/\" >\n\t\t\t\tEl MITECO llen\u00e7a 355 milions d&#039;euros en ajudes per refor\u00e7ar la cadena de valor industrial de tecnologies netes\t\t\t<\/a>\n\t\t<\/h3>\n\t\t\t\t<div class=\"elementor-post__meta-data\">\n\t\t\t\t\t<span class=\"elementor-post-date\">\n\t\t\t12\/01\/2026\t\t<\/span>\n\t\t\t\t<\/div>\n\t\t\n\t\t<a class=\"elementor-post__read-more\" href=\"https:\/\/coiqcv.com\/val\/el-miteco-lanza-355-millones-de-euros-en-ayudas-para-reforzar-la-cadena-de-valor-industrial-de-tecnologias-limpias\/\" aria-label=\"Read more about El MITECO lanza 355 millones de euros en ayudas para reforzar la cadena de valor industrial de tecnolog\u00edas limpias\" tabindex=\"-1\" >\n\t\t\tLlegir m\u00e9s \u00bb\t\t<\/a>\n\n\t\t\t\t<\/div>\n\t\t\t\t<\/article>\n\t\t\t\t<article class=\"elementor-post elementor-grid-item post-8928 post type-post status-publish format-standard has-post-thumbnail hentry category-coiqcv\" role=\"listitem\">\n\t\t\t\t<a class=\"elementor-post__thumbnail__link\" href=\"https:\/\/coiqcv.com\/val\/puede-limitarse-la-firma-de-proyectos-de-seguridad-industrial-solo-a-profesiones-reguladas-sin-tener-en-cuenta-la-formacion-y-experiencia-real-de-los-profesionales\/\" tabindex=\"-1\" >\n\t\t\t<div class=\"elementor-post__thumbnail\"><img loading=\"lazy\" decoding=\"async\" width=\"1200\" height=\"627\" src=\"https:\/\/coiqcv.com\/wp-content\/uploads\/2025\/12\/Copia-de-Defensa-de-las-Competencias-en-Seguridad-Industrial-Avances-y-Resolucion-de-la-CNMC-Anuncio-de-una-imagen-para-LinkedIn.png\" class=\"attachment-full size-full wp-image-8929\" alt=\"\" \/><\/div>\n\t\t<\/a>\n\t\t\t\t<div class=\"elementor-post__text\">\n\t\t\t\t<h3 class=\"elementor-post__title\">\n\t\t\t<a href=\"https:\/\/coiqcv.com\/val\/puede-limitarse-la-firma-de-proyectos-de-seguridad-industrial-solo-a-profesiones-reguladas-sin-tener-en-cuenta-la-formacion-y-experiencia-real-de-los-profesionales\/\" >\n\t\t\t\tEs pot limitar la signatura de projectes de seguretat industrial nom\u00e9s a professions regulades, sense tenir en compte la formaci\u00f3 i experi\u00e8ncia real dels professionals?\t\t\t<\/a>\n\t\t<\/h3>\n\t\t\t\t<div class=\"elementor-post__meta-data\">\n\t\t\t\t\t<span class=\"elementor-post-date\">\n\t\t\t19\/12\/2025\t\t<\/span>\n\t\t\t\t<\/div>\n\t\t\n\t\t<a class=\"elementor-post__read-more\" href=\"https:\/\/coiqcv.com\/val\/puede-limitarse-la-firma-de-proyectos-de-seguridad-industrial-solo-a-profesiones-reguladas-sin-tener-en-cuenta-la-formacion-y-experiencia-real-de-los-profesionales\/\" aria-label=\"Read more about \u00bfPuede limitarse la firma de proyectos de Seguridad Industrial solo a profesiones reguladas, sin tener en cuenta la formaci\u00f3n y experiencia real de los profesionales?\" tabindex=\"-1\" >\n\t\t\tLlegir m\u00e9s \u00bb\t\t<\/a>\n\n\t\t\t\t<\/div>\n\t\t\t\t<\/article>\n\t\t\t\t<article class=\"elementor-post elementor-grid-item post-8916 post type-post status-publish format-standard has-post-thumbnail hentry category-coiqcv\" role=\"listitem\">\n\t\t\t\t<a class=\"elementor-post__thumbnail__link\" href=\"https:\/\/coiqcv.com\/val\/union-profesional-impulsa-un-distintivo-de-excelencia-para-colegiados\/\" tabindex=\"-1\" >\n\t\t\t<div class=\"elementor-post__thumbnail\"><img loading=\"lazy\" decoding=\"async\" width=\"3200\" height=\"1792\" src=\"https:\/\/coiqcv.com\/wp-content\/uploads\/2023\/03\/Copia-de-Copia-de-Jornada-sobre-Perspectivas-futuras-de-RSC-retos-y-perfiles-profesionales-1.png\" class=\"attachment-full size-full wp-image-8631\" alt=\"\" \/><\/div>\n\t\t<\/a>\n\t\t\t\t<div class=\"elementor-post__text\">\n\t\t\t\t<h3 class=\"elementor-post__title\">\n\t\t\t<a href=\"https:\/\/coiqcv.com\/val\/union-profesional-impulsa-un-distintivo-de-excelencia-para-colegiados\/\" >\n\t\t\t\tUni\u00f3 Professional impulsa un distintiu d&#039;excel\u00b7l\u00e8ncia per a col\u00b7legiats\t\t\t<\/a>\n\t\t<\/h3>\n\t\t\t\t<div class=\"elementor-post__meta-data\">\n\t\t\t\t\t<span class=\"elementor-post-date\">\n\t\t\t17\/12\/2025\t\t<\/span>\n\t\t\t\t<\/div>\n\t\t\n\t\t<a class=\"elementor-post__read-more\" href=\"https:\/\/coiqcv.com\/val\/union-profesional-impulsa-un-distintivo-de-excelencia-para-colegiados\/\" aria-label=\"Read more about Uni\u00f3n Profesional impulsa un distintivo de excelencia para colegiados\" tabindex=\"-1\" >\n\t\t\tLlegir m\u00e9s \u00bb\t\t<\/a>\n\n\t\t\t\t<\/div>\n\t\t\t\t<\/article>\n\t\t\t\t<article class=\"elementor-post elementor-grid-item post-8898 post type-post status-publish format-standard has-post-thumbnail hentry category-coiqcv\" role=\"listitem\">\n\t\t\t\t<a class=\"elementor-post__thumbnail__link\" href=\"https:\/\/coiqcv.com\/val\/coiqcv-reafirma-su-compromiso-con-la-profesion-y-el-empleo-en-su-asamblea-2025\/\" tabindex=\"-1\" >\n\t\t\t<div class=\"elementor-post__thumbnail\"><img loading=\"lazy\" decoding=\"async\" width=\"3200\" height=\"1792\" src=\"https:\/\/coiqcv.com\/wp-content\/uploads\/2025\/12\/mejor-expediente-uv-3.png\" class=\"attachment-full size-full wp-image-8899\" alt=\"\" \/><\/div>\n\t\t<\/a>\n\t\t\t\t<div class=\"elementor-post__text\">\n\t\t\t\t<h3 class=\"elementor-post__title\">\n\t\t\t<a href=\"https:\/\/coiqcv.com\/val\/coiqcv-reafirma-su-compromiso-con-la-profesion-y-el-empleo-en-su-asamblea-2025\/\" >\n\t\t\t\tCOIQCV reafirma el seu comprom\u00eds amb la professi\u00f3 i la feina a la seva Assemblea 2025\t\t\t<\/a>\n\t\t<\/h3>\n\t\t\t\t<div class=\"elementor-post__meta-data\">\n\t\t\t\t\t<span class=\"elementor-post-date\">\n\t\t\t15\/12\/2025\t\t<\/span>\n\t\t\t\t<\/div>\n\t\t\n\t\t<a class=\"elementor-post__read-more\" href=\"https:\/\/coiqcv.com\/val\/coiqcv-reafirma-su-compromiso-con-la-profesion-y-el-empleo-en-su-asamblea-2025\/\" aria-label=\"Read more about COIQCV reafirma su compromiso con la profesi\u00f3n y el empleo en su Asamblea 2025\" tabindex=\"-1\" >\n\t\t\tLlegir m\u00e9s \u00bb\t\t<\/a>\n\n\t\t\t\t<\/div>\n\t\t\t\t<\/article>\n\t\t\t\t<article class=\"elementor-post elementor-grid-item post-8810 post type-post status-publish format-standard has-post-thumbnail hentry category-coiqcv\" role=\"listitem\">\n\t\t\t\t<a class=\"elementor-post__thumbnail__link\" href=\"https:\/\/coiqcv.com\/val\/javier-estarelles-nacher-recibe-el-premio-al-mejor-expediente-del-grado-en-ingenieria-quimica-de-la-universitat-de-valencia\/\" tabindex=\"-1\" >\n\t\t\t<div class=\"elementor-post__thumbnail\"><img loading=\"lazy\" decoding=\"async\" width=\"3200\" height=\"1792\" src=\"https:\/\/coiqcv.com\/wp-content\/uploads\/2025\/12\/mejor-expediente-uv-2.png\" class=\"attachment-full size-full wp-image-8835\" alt=\"\" \/><\/div>\n\t\t<\/a>\n\t\t\t\t<div class=\"elementor-post__text\">\n\t\t\t\t<h3 class=\"elementor-post__title\">\n\t\t\t<a href=\"https:\/\/coiqcv.com\/val\/javier-estarelles-nacher-recibe-el-premio-al-mejor-expediente-del-grado-en-ingenieria-quimica-de-la-universitat-de-valencia\/\" >\n\t\t\t\tJavier Estarelles Nacher rep el Premi al Millor Expedient del M\u00e0ster en Enginyeria Qu\u00edmica de la Universitat de Val\u00e8ncia\t\t\t<\/a>\n\t\t<\/h3>\n\t\t\t\t<div class=\"elementor-post__meta-data\">\n\t\t\t\t\t<span class=\"elementor-post-date\">\n\t\t\t01\/12\/2025\t\t<\/span>\n\t\t\t\t<\/div>\n\t\t\n\t\t<a class=\"elementor-post__read-more\" href=\"https:\/\/coiqcv.com\/val\/javier-estarelles-nacher-recibe-el-premio-al-mejor-expediente-del-grado-en-ingenieria-quimica-de-la-universitat-de-valencia\/\" aria-label=\"Read more about Javier Estarelles Nacher recibe el Premio al Mejor Expediente del M\u00e1ster en Ingenier\u00eda Qu\u00edmica de la Universitat de Val\u00e8ncia\" tabindex=\"-1\" >\n\t\t\tLlegir m\u00e9s \u00bb\t\t<\/a>\n\n\t\t\t\t<\/div>\n\t\t\t\t<\/article>\n\t\t\t\t<article class=\"elementor-post elementor-grid-item post-8776 post type-post status-publish format-standard has-post-thumbnail hentry category-coiqcv\" role=\"listitem\">\n\t\t\t\t<a class=\"elementor-post__thumbnail__link\" href=\"https:\/\/coiqcv.com\/val\/ramon-mazon-cartagena-recibe-el-premio-extraordinario-del-master-en-ingenieria-quimica\/\" tabindex=\"-1\" >\n\t\t\t<div class=\"elementor-post__thumbnail\"><img loading=\"lazy\" decoding=\"async\" width=\"3200\" height=\"1792\" src=\"https:\/\/coiqcv.com\/wp-content\/uploads\/2025\/11\/premio-extraordinario-2025-UA.png\" class=\"attachment-full size-full wp-image-8777\" alt=\"\" \/><\/div>\n\t\t<\/a>\n\t\t\t\t<div class=\"elementor-post__text\">\n\t\t\t\t<h3 class=\"elementor-post__title\">\n\t\t\t<a href=\"https:\/\/coiqcv.com\/val\/ramon-mazon-cartagena-recibe-el-premio-extraordinario-del-master-en-ingenieria-quimica\/\" >\n\t\t\t\tRamon Maz\u00f3n Cartagena rep el Premi Extraordinari del M\u00e0ster en Enginyeria Qu\u00edmica\t\t\t<\/a>\n\t\t<\/h3>\n\t\t\t\t<div class=\"elementor-post__meta-data\">\n\t\t\t\t\t<span class=\"elementor-post-date\">\n\t\t\t25\/11\/2025\t\t<\/span>\n\t\t\t\t<\/div>\n\t\t\n\t\t<a class=\"elementor-post__read-more\" href=\"https:\/\/coiqcv.com\/val\/ramon-mazon-cartagena-recibe-el-premio-extraordinario-del-master-en-ingenieria-quimica\/\" aria-label=\"Read more about Ram\u00f3n Maz\u00f3n Cartagena recibe el Premio Extraordinario del M\u00e1ster en Ingenier\u00eda Qu\u00edmica\" tabindex=\"-1\" >\n\t\t\tLlegir m\u00e9s \u00bb\t\t<\/a>\n\n\t\t\t\t<\/div>\n\t\t\t\t<\/article>\n\t\t\t\t<article class=\"elementor-post elementor-grid-item post-8745 post type-post status-publish format-standard has-post-thumbnail hentry category-coiqcv\" role=\"listitem\">\n\t\t\t\t<a class=\"elementor-post__thumbnail__link\" href=\"https:\/\/coiqcv.com\/val\/el-ministerio-de-industria-y-turismo-lanza-la-segunda-convocatoria-de-la-linea-4-del-perte-de-descarbonizacion-industrial-con-100-millones-de-euros-en-ayudas\/\" tabindex=\"-1\" >\n\t\t\t<div class=\"elementor-post__thumbnail\"><img loading=\"lazy\" decoding=\"async\" width=\"3200\" height=\"1792\" src=\"https:\/\/coiqcv.com\/wp-content\/uploads\/2025\/11\/PERTE-1.png\" class=\"attachment-full size-full wp-image-8749\" alt=\"\" \/><\/div>\n\t\t<\/a>\n\t\t\t\t<div class=\"elementor-post__text\">\n\t\t\t\t<h3 class=\"elementor-post__title\">\n\t\t\t<a href=\"https:\/\/coiqcv.com\/val\/el-ministerio-de-industria-y-turismo-lanza-la-segunda-convocatoria-de-la-linea-4-del-perte-de-descarbonizacion-industrial-con-100-millones-de-euros-en-ayudas\/\" >\n\t\t\t\tEl Ministeri d\u00b4Ind\u00fastria i Turisme llan\u00e7a la segona convocat\u00f2ria de la L\u00ednia 4 del PERTE de Descarbonitzaci\u00f3 Industrial amb 100 milions d\u00b4euros en ajudes\t\t\t<\/a>\n\t\t<\/h3>\n\t\t\t\t<div class=\"elementor-post__meta-data\">\n\t\t\t\t\t<span class=\"elementor-post-date\">\n\t\t\t20\/11\/2025\t\t<\/span>\n\t\t\t\t<\/div>\n\t\t\n\t\t<a class=\"elementor-post__read-more\" href=\"https:\/\/coiqcv.com\/val\/el-ministerio-de-industria-y-turismo-lanza-la-segunda-convocatoria-de-la-linea-4-del-perte-de-descarbonizacion-industrial-con-100-millones-de-euros-en-ayudas\/\" aria-label=\"Read more about El Ministerio de Industria y Turismo lanza la segunda convocatoria de la L\u00ednea\u202f4 del PERTE de Descarbonizaci\u00f3n Industrial con 100\u202fmillones de euros en ayudas\" tabindex=\"-1\" >\n\t\t\tLlegir m\u00e9s \u00bb\t\t<\/a>\n\n\t\t\t\t<\/div>\n\t\t\t\t<\/article>\n\t\t\t\t<\/div>\n\t\t\n\t\t\t\t<div class=\"e-load-more-anchor\" data-page=\"1\" data-max-page=\"7\" data-next-page=\"https:\/\/coiqcv.com\/val\/wp-json\/wp\/v2\/pages\/25\/page\/2\/\"><\/div>\n\t\t\t\t<nav class=\"elementor-pagination\" aria-label=\"Paginaci\u00f3\">\n\t\t\t<span class=\"page-numbers prev\">\u00ab Anterior<\/span>\n<span aria-current=\"page\" class=\"page-numbers current\"><span class=\"elementor-screen-only\">P\u00e0gina<\/span>1<\/span>\n<a class=\"page-numbers\" href=\"https:\/\/coiqcv.com\/val\/wp-json\/wp\/v2\/pages\/25\/page\/2\/\"><span class=\"elementor-screen-only\">P\u00e0gina<\/span>2<\/a>\n<a class=\"page-numbers\" href=\"https:\/\/coiqcv.com\/val\/wp-json\/wp\/v2\/pages\/25\/page\/3\/\"><span class=\"elementor-screen-only\">P\u00e0gina<\/span>3<\/a>\n<a class=\"page-numbers\" href=\"https:\/\/coiqcv.com\/val\/wp-json\/wp\/v2\/pages\/25\/page\/4\/\"><span class=\"elementor-screen-only\">P\u00e0gina<\/span>4<\/a>\n<a class=\"page-numbers\" href=\"https:\/\/coiqcv.com\/val\/wp-json\/wp\/v2\/pages\/25\/page\/5\/\"><span class=\"elementor-screen-only\">P\u00e0gina<\/span>5<\/a>\n<a class=\"page-numbers next\" href=\"https:\/\/coiqcv.com\/val\/wp-json\/wp\/v2\/pages\/25\/page\/2\/\">Seg\u00fcent \u00bb<\/a>\t\t<\/nav>\n\t\t\t\t\t\t<\/div>\n\t\t\t\t<\/div>\n\t\t\t\t\t<\/div>\n\t\t<\/div>\n\t\t\t\t\t<\/div>\n\t\t<\/section>\n\t\t\t\t<\/div>","protected":false},"excerpt":{"rendered":"<p>Actualitat<\/p>","protected":false},"author":1,"featured_media":0,"parent":0,"menu_order":0,"comment_status":"closed","ping_status":"closed","template":"","meta":{"_monsterinsights_skip_tracking":false,"_monsterinsights_sitenote_active":false,"_monsterinsights_sitenote_note":"","_monsterinsights_sitenote_category":0,"_uf_show_specific_survey":0,"_uf_disable_surveys":false,"footnotes":""},"class_list":["post-25","page","type-page","status-publish","hentry"],"aioseo_notices":[],"_links":{"self":[{"href":"https:\/\/coiqcv.com\/val\/wp-json\/wp\/v2\/pages\/25","targetHints":{"allow":["GET"]}}],"collection":[{"href":"https:\/\/coiqcv.com\/val\/wp-json\/wp\/v2\/pages"}],"about":[{"href":"https:\/\/coiqcv.com\/val\/wp-json\/wp\/v2\/types\/page"}],"author":[{"embeddable":true,"href":"https:\/\/coiqcv.com\/val\/wp-json\/wp\/v2\/users\/1"}],"replies":[{"embeddable":true,"href":"https:\/\/coiqcv.com\/val\/wp-json\/wp\/v2\/comments?post=25"}],"version-history":[{"count":28,"href":"https:\/\/coiqcv.com\/val\/wp-json\/wp\/v2\/pages\/25\/revisions"}],"predecessor-version":[{"id":5194,"href":"https:\/\/coiqcv.com\/val\/wp-json\/wp\/v2\/pages\/25\/revisions\/5194"}],"wp:attachment":[{"href":"https:\/\/coiqcv.com\/val\/wp-json\/wp\/v2\/media?parent=25"}],"curies":[{"name":"wp","href":"https:\/\/api.w.org\/{rel}","templated":true}]}}