{"id":1279,"date":"2023-05-30T12:24:24","date_gmt":"2023-05-30T10:24:24","guid":{"rendered":"https:\/\/pro-ser-001.datia-analytics.com\/?page_id=1279"},"modified":"2025-03-25T12:29:51","modified_gmt":"2025-03-25T11:29:51","slug":"valor-anadido","status":"publish","type":"page","link":"https:\/\/coiqcv.com\/val\/valor-anadido\/","title":{"rendered":"Valor Afegit"},"content":{"rendered":"<div data-elementor-type=\"wp-page\" data-elementor-id=\"1279\" class=\"elementor elementor-1279\" data-elementor-post-type=\"page\">\n\t\t\t\t<div data-particle_enable=\"false\" data-particle-mobile-disabled=\"false\" class=\"elementor-element elementor-element-6dd9c11 e-flex e-con-boxed e-con e-parent\" data-id=\"6dd9c11\" data-element_type=\"container\" data-e-type=\"container\" data-settings=\"{&quot;jet_parallax_layout_list&quot;:[]}\">\n\t\t\t\t\t<div class=\"e-con-inner\">\n\t\t<div data-particle_enable=\"false\" data-particle-mobile-disabled=\"false\" class=\"elementor-element elementor-element-2204722 e-con-full e-flex e-con e-child\" data-id=\"2204722\" data-element_type=\"container\" data-e-type=\"container\" data-settings=\"{&quot;jet_parallax_layout_list&quot;:[]}\">\n\t\t\t\t<div class=\"elementor-element elementor-element-9baa31a elementor-widget elementor-widget-heading\" data-id=\"9baa31a\" data-element_type=\"widget\" data-e-type=\"widget\" data-widget_type=\"heading.default\">\n\t\t\t\t<div class=\"elementor-widget-container\">\n\t\t\t\t\t<h2 class=\"elementor-heading-title elementor-size-default\">Valor afegit<\/h2>\t\t\t\t<\/div>\n\t\t\t\t<\/div>\n\t\t\t\t<\/div>\n\t\t\t\t\t<\/div>\n\t\t\t\t<\/div>\n\t\t<div data-particle_enable=\"false\" data-particle-mobile-disabled=\"false\" class=\"elementor-element elementor-element-baa7847 e-flex e-con-boxed e-con e-parent\" data-id=\"baa7847\" data-element_type=\"container\" data-e-type=\"container\" data-settings=\"{&quot;jet_parallax_layout_list&quot;:[],&quot;background_background&quot;:&quot;classic&quot;}\">\n\t\t\t\t\t<div class=\"e-con-inner\">\n\t\t<div data-particle_enable=\"false\" data-particle-mobile-disabled=\"false\" class=\"elementor-element elementor-element-b858123 e-con-full e-flex e-con e-child\" data-id=\"b858123\" data-element_type=\"container\" data-e-type=\"container\" data-settings=\"{&quot;jet_parallax_layout_list&quot;:[]}\">\n\t\t\t\t<div class=\"elementor-element elementor-element-f07023e elementor-widget elementor-widget-text-editor\" data-id=\"f07023e\" data-element_type=\"widget\" data-e-type=\"widget\" data-widget_type=\"text-editor.default\">\n\t\t\t\t<div class=\"elementor-widget-container\">\n\t\t\t\t\t\t\t\t\t<p>El <strong>CO<span style=\"color: #c80028;\">IQ<\/span>CV<\/strong> t\u00e9 com a missi\u00f3 <span style=\"color: #c80028;\"><strong>FACILITAR<\/strong> <\/span>a les nostres col\u00b7legiades els seus<strong> exercicis professionals<\/strong> aix\u00ed com tamb\u00e9, el desenvolupament de la seva <strong>vida personal<\/strong> i de gaudi del seu<strong>\u00a0temps lliure<\/strong>.<br \/>\u00c9s per aix\u00f2 que posem a la vostra disposici\u00f3 <strong>Convenis<\/strong> que els atorguen condicions avantatjoses i serveis de Valor Afegit. En cas que els col\u00b7legiats estiguin interessats, obrim <strong>els canals de comunicaci\u00f3 del CO<span style=\"color: #993300;\">IQ<\/span>CV per beneficiar-se<\/strong> dels diferents descomptes.\u00a0<\/p><p><span style=\"color: #c80028;\"><strong>Entitats banc\u00e0ries, d&#039;Assegurances, de Formaci\u00f3, Clubs de Compres, Revistes, Oci i Espectacles, etc.\u00a0\u00a0<\/strong><\/span><\/p>\t\t\t\t\t\t\t\t<\/div>\n\t\t\t\t<\/div>\n\t\t\t\t<\/div>\n\t\t\t\t\t<\/div>\n\t\t\t\t<\/div>\n\t\t<div data-particle_enable=\"false\" data-particle-mobile-disabled=\"false\" class=\"elementor-element elementor-element-476b4e0 e-flex e-con-boxed e-con e-parent\" data-id=\"476b4e0\" data-element_type=\"container\" data-e-type=\"container\" data-settings=\"{&quot;jet_parallax_layout_list&quot;:[]}\">\n\t\t\t\t\t<div class=\"e-con-inner\">\n\t\t\t\t<div class=\"elementor-element elementor-element-99c05e3 e-n-tabs-mobile elementor-widget elementor-widget-n-tabs\" data-id=\"99c05e3\" data-element_type=\"widget\" data-e-type=\"widget\" data-widget_type=\"nested-tabs.default\">\n\t\t\t\t<div class=\"elementor-widget-container\">\n\t\t\t\t\t\t\t<div class=\"e-n-tabs\" data-widget-number=\"161220067\" aria-label=\"Pestanyes. Obre elements amb Intro o Espai, tanca&#039;ls amb Escape i navega amb les dates.\">\n\t\t\t<div class=\"e-n-tabs-heading\" role=\"tablist\">\n\t\t\t\t\t<button id=\"e-n-tab-title-1612200671\" data-tab-title-id=\"e-n-tab-title-1612200671\" class=\"e-n-tab-title\" aria-selected=\"true\" data-tab-index=\"1\" role=\"tab\" tabindex=\"0\" aria-controls=\"e-n-tab-content-1612200671\" style=\"--n-tabs-title-order: 1;\">\n\t\t\t\t\t\t<span class=\"e-n-tab-title-text\">\n\t\t\t\tEntitats banc\u00e0ries\t\t\t<\/span>\n\t\t<\/button>\n\t\t\t\t<button id=\"e-n-tab-title-1612200672\" data-tab-title-id=\"e-n-tab-title-1612200672\" class=\"e-n-tab-title\" aria-selected=\"false\" data-tab-index=\"2\" role=\"tab\" tabindex=\"-1\" aria-controls=\"e-n-tab-content-1612200672\" style=\"--n-tabs-title-order: 2;\">\n\t\t\t\t\t\t<span class=\"e-n-tab-title-text\">\n\t\t\t\tAssegurances\t\t\t<\/span>\n\t\t<\/button>\n\t\t\t\t<button id=\"e-n-tab-title-1612200673\" data-tab-title-id=\"e-n-tab-title-1612200673\" class=\"e-n-tab-title\" aria-selected=\"false\" data-tab-index=\"3\" role=\"tab\" tabindex=\"-1\" aria-controls=\"e-n-tab-content-1612200673\" style=\"--n-tabs-title-order: 3;\">\n\t\t\t\t\t\t<span class=\"e-n-tab-title-text\">\n\t\t\t\tFormaci\u00f3\t\t\t<\/span>\n\t\t<\/button>\n\t\t\t\t<button id=\"e-n-tab-title-1612200674\" data-tab-title-id=\"e-n-tab-title-1612200674\" class=\"e-n-tab-title\" aria-selected=\"false\" data-tab-index=\"4\" role=\"tab\" tabindex=\"-1\" aria-controls=\"e-n-tab-content-1612200674\" style=\"--n-tabs-title-order: 4;\">\n\t\t\t\t\t\t<span class=\"e-n-tab-title-text\">\n\t\t\t\tCompres\t\t\t<\/span>\n\t\t<\/button>\n\t\t\t\t<button id=\"e-n-tab-title-1612200675\" data-tab-title-id=\"e-n-tab-title-1612200675\" class=\"e-n-tab-title\" aria-selected=\"false\" data-tab-index=\"5\" role=\"tab\" tabindex=\"-1\" aria-controls=\"e-n-tab-content-1612200675\" style=\"--n-tabs-title-order: 5;\">\n\t\t\t\t\t\t<span class=\"e-n-tab-title-text\">\n\t\t\t\tUniversitats\t\t\t<\/span>\n\t\t<\/button>\n\t\t\t\t<button id=\"e-n-tab-title-1612200676\" data-tab-title-id=\"e-n-tab-title-1612200676\" class=\"e-n-tab-title\" aria-selected=\"false\" data-tab-index=\"6\" role=\"tab\" tabindex=\"-1\" aria-controls=\"e-n-tab-content-1612200676\" style=\"--n-tabs-title-order: 6;\">\n\t\t\t\t\t\t<span class=\"e-n-tab-title-text\">\n\t\t\t\tInd\u00fastria qu\u00edmica\t\t\t<\/span>\n\t\t<\/button>\n\t\t\t\t<button id=\"e-n-tab-title-1612200677\" data-tab-title-id=\"e-n-tab-title-1612200677\" class=\"e-n-tab-title\" aria-selected=\"false\" data-tab-index=\"7\" role=\"tab\" tabindex=\"-1\" aria-controls=\"e-n-tab-content-1612200677\" style=\"--n-tabs-title-order: 7;\">\n\t\t\t\t\t\t<span class=\"e-n-tab-title-text\">\n\t\t\t\tRevistes\t\t\t<\/span>\n\t\t<\/button>\n\t\t\t\t<button id=\"e-n-tab-title-1612200678\" data-tab-title-id=\"e-n-tab-title-1612200678\" class=\"e-n-tab-title\" aria-selected=\"false\" data-tab-index=\"8\" role=\"tab\" tabindex=\"-1\" aria-controls=\"e-n-tab-content-1612200678\" style=\"--n-tabs-title-order: 8;\">\n\t\t\t\t\t\t<span class=\"e-n-tab-title-text\">\n\t\t\t\tAltres\t\t\t<\/span>\n\t\t<\/button>\n\t\t\t\t\t<\/div>\n\t\t\t<div class=\"e-n-tabs-content\">\n\t\t\t\t<div data-particle_enable=\"false\" data-particle-mobile-disabled=\"false\" id=\"e-n-tab-content-1612200671\" role=\"tabpanel\" aria-labelledby=\"e-n-tab-title-1612200671\" data-tab-index=\"1\" style=\"--n-tabs-title-order: 1;\" class=\"e-active elementor-element elementor-element-8009041 e-con-full e-flex e-con e-child\" data-id=\"8009041\" data-element_type=\"container\" data-e-type=\"container\" data-settings=\"{&quot;jet_parallax_layout_list&quot;:[]}\">\n\t\t\t\t<div class=\"elementor-element elementor-element-3d5b178 elementor-widget elementor-widget-text-editor\" data-id=\"3d5b178\" data-element_type=\"widget\" data-e-type=\"widget\" data-widget_type=\"text-editor.default\">\n\t\t\t\t<div class=\"elementor-widget-container\">\n\t\t\t\t\t\t\t\t\t<h1><img decoding=\"async\" class=\"wp-image-5241 aligncenter\" src=\"https:\/\/coiqcv.com\/wp-content\/uploads\/2024\/04\/Sabadell-Professional-COIQCV.png\" alt=\"\" width=\"190\" height=\"92\" \/><\/h1><h1>Banc Sabadell<\/h1><p>El <strong>CO<span style=\"color: #c80028;\">IQ<\/span>CV<\/strong> i el <strong>Banc Sabadell<\/strong> han renovat el seu acord de col\u00b7laboraci\u00f3 pel qual les nostres col\u00b7legiades es beneficien de condicions especials:<\/p><ol><li>Si ja tens obert un compte al Sabadell indica a la teva sucursal que la teva col\u00b7legiaci\u00f3 al CO<span style=\"color: #c80028;\">IQ<\/span>CV i podr\u00e0s beneficiar-te d&#039;una <strong>reducci\u00f3 a les comissions<\/strong>.<br \/>V\u00e0lid tamb\u00e9 per a comptes d&#039;empresa i familiars.<\/li><li>Si t&#039;obres compte, per primera vegada, al Sabadell <strong>et retornaran un 10% de la quota col\u00b7legial abonada<\/strong>.<\/li><\/ol><p><a href=\"https:\/\/www.bancsabadell.com\/cs\/Satellite\/COPBS351671_SabAtl\/Colegio-Oficial-de-Ingenieros-Quimicos-de-la-Comunitat-Valenciana\/2000008513649\/es\/?dis=dis:tp-:sp-:pt-coiqcv:nf-:nc-acutopglbcolprofesional:c-colectivos:f-logo:t-120x50:mp-:ga-bs\" target=\"_blank\" rel=\"noopener\">Plataforma Sabadell PRO \u2013 COIQCV.<\/a><\/p>\t\t\t\t\t\t\t\t<\/div>\n\t\t\t\t<\/div>\n\t\t\t\t<div class=\"elementor-element elementor-element-17de921 elementor-widget elementor-widget-text-editor\" data-id=\"17de921\" data-element_type=\"widget\" data-e-type=\"widget\" data-widget_type=\"text-editor.default\">\n\t\t\t\t<div class=\"elementor-widget-container\">\n\t\t\t\t\t\t\t\t\t<h1><img decoding=\"async\" class=\"alignnone wp-image-5241 aligncenter\" src=\"https:\/\/coiqcv.com\/wp-content\/uploads\/2024\/08\/caixa-cuadrado.jpg\" alt=\"\" width=\"190\" height=\"92\" \/><\/h1><h1>Caixa Popular<\/h1><p>El <strong>CO<span style=\"color: #c80028;\">IQ<\/span>CV<\/strong> i el <strong>Caixa Popular<\/strong> han signat l&#039;acord de col\u00b7laboraci\u00f3 pel qual les nostres col\u00b7legiades es beneficien de condicions especials:<\/p><ol><li>Si ja teniu obert un compte a Caixa Popular et podr\u00e0s beneficiar d&#039;un gestor personal i condicions preferents en serveis financers.<\/li><li>Facilitar l&#039;acc\u00e9s a fons NGEU amb pr\u00e9stecs personals, avals, bestreta de les ajudes Next Generation.<\/li><\/ol>\t\t\t\t\t\t\t\t<\/div>\n\t\t\t\t<\/div>\n\t\t\t\t<div class=\"elementor-element elementor-element-2d29dd2 elementor-widget elementor-widget-text-editor\" data-id=\"2d29dd2\" data-element_type=\"widget\" data-e-type=\"widget\" data-widget_type=\"text-editor.default\">\n\t\t\t\t<div class=\"elementor-widget-container\">\n\t\t\t\t\t\t\t\t\t<p><img decoding=\"async\" class=\"wp-image-5256 aligncenter\" src=\"https:\/\/coiqcv.com\/wp-content\/uploads\/2024\/04\/Logo-CI.png\" alt=\"Caja de Ingenieros\" width=\"195\" height=\"37\" \/><\/p><h1>Caixa d&#039;Enginyers<\/h1><p>Oferta de finan\u00e7ament per a membres del Col\u00b7legi Oficial d&#039;Enginyers Qu\u00edmics de la Comunitat Valenciana \u2013 <strong>CO<span style=\"color: #c80028;\">IQ<\/span>CV<\/strong>.<\/p><p>El cr\u00e8dit <a href=\"https:\/\/www.caja-ingenieros.es\/es\/web\/portal\/producto?uuid=eb9852b4-7fef-4d1d-836c-220287fb8ba1&amp;idcat=54955&amp;utm_source=COIQvalencia&amp;utm_medium=Link&amp;utm_campaign=Crediestudio\">CrediEstudi<\/a>\u00a0al <strong>0% d&#039;inter\u00e8s<\/strong>, per cursar qualsevol grau, postgrau o m\u00e0ster.<\/p><p>Coneix ara els avantatges de fer-te soci de <strong>Caixa d&#039;Enginyers<\/strong>.<\/p><p>Per a m\u00e9s informaci\u00f3, no deixis de consultar la web: <a class=\"verde\" href=\"https:\/\/www.caja-ingenieros.es\/es\/web\/portal\/soci-cooperatiu?utm_source=COIQvalencia&amp;utm_medium=Link&amp;utm_campaign=Socio%20Cooperativo\">Caixa d&#039;Enginyers<\/a><\/p>\t\t\t\t\t\t\t\t<\/div>\n\t\t\t\t<\/div>\n\t\t\t\t<\/div>\n\t\t<div data-particle_enable=\"false\" data-particle-mobile-disabled=\"false\" id=\"e-n-tab-content-1612200672\" role=\"tabpanel\" aria-labelledby=\"e-n-tab-title-1612200672\" data-tab-index=\"2\" style=\"--n-tabs-title-order: 2;\" class=\"elementor-element elementor-element-ef582ef e-con-full e-flex e-con e-child\" data-id=\"ef582ef\" data-element_type=\"container\" data-e-type=\"container\" data-settings=\"{&quot;jet_parallax_layout_list&quot;:[]}\">\n\t\t\t\t<div class=\"elementor-element elementor-element-eb0a043 elementor-widget elementor-widget-text-editor\" data-id=\"eb0a043\" data-element_type=\"widget\" data-e-type=\"widget\" data-widget_type=\"text-editor.default\">\n\t\t\t\t<div class=\"elementor-widget-container\">\n\t\t\t\t\t\t\t\t\t<p><img decoding=\"async\" src=\"https:\/\/coiqcv.com\/img\/servicios_preferentes\/logo71.jpg\" alt=\"F\u00c9LIX RODR\u00cdGUEZ G\u00d3MEZ SL\" \/><\/p><h1>F\u00c8LIX RODR\u00cdGUEZ G\u00d3MEZ SL<\/h1><p>L\u00b4acord amb l\u00b4Ag\u00e8ncia d\u00b4Assegurances F\u00c9LIX RODR\u00cdGUEZ G\u00d3MEZ SL permet als col\u00b7legiats gaudir d\u00b4un 10% de descompte en contractar una p\u00f2lissa d\u00b4una asseguran\u00e7a privada de llar, autom\u00f2bil, pack jur\u00eddic, viatges, vida\u2026 (Promoci\u00f3 no acumulable a altres ofertes).<\/p><p>En contractar una p\u00f2lissa, els col\u00b7legiats rebran un obsequi en presentar la seva condici\u00f3 de col\u00b7legiat.<\/p><p><strong>Informaci\u00f3 i contacte:<\/strong><\/p><p>F\u00e9lix Rodr\u00edguez<br \/>C\/ Pedro de Val\u00e8ncia, 16-baix<br \/>46022 VAL\u00c8NCIA<br \/>Tlf: 963714127<br \/>FAX: 963712921<br \/>M\u00f2v: 600921839<br \/>e-mail:\u00a0<a class=\"verde\" href=\"mailto:felix.rodriguez@agentes.catalanaoccidente.com\">felix.rodriguez@agentes.catalanaoccidente.com<\/a><\/p>\t\t\t\t\t\t\t\t<\/div>\n\t\t\t\t<\/div>\n\t\t\t\t<div class=\"elementor-element elementor-element-a6b3341 elementor-widget elementor-widget-text-editor\" data-id=\"a6b3341\" data-element_type=\"widget\" data-e-type=\"widget\" data-widget_type=\"text-editor.default\">\n\t\t\t\t<div class=\"elementor-widget-container\">\n\t\t\t\t\t\t\t\t\t<p><img decoding=\"async\" src=\"https:\/\/coiqcv.com\/img\/servicios_preferentes\/logo13.jpg\" alt=\"Mutua de los Ingenieros\" \/><\/p><h1>M\u00fatua dels Enginyers<\/h1><p>El <strong>CO<span style=\"color: #c80028;\">IQ<\/span>CV<\/strong> ha signat un conveni de col\u00b7laboraci\u00f3 amb la <strong>M\u00fatua dels Enginyers<\/strong> amb qu\u00e8 els nostres col\u00b7legiats es beneficiaran de primes m\u00e9s avantatjoses a l&#039;hora de contractar les seves assegurances de llar, cotxe, asseguran\u00e7a m\u00e8dica ASISA, etc.<\/p><p><a href=\"https:\/\/coiqcv.com\/descargas\/Spreferentes\/Prersentacion_Mutua_Ingenieros_COIQCV.jpg\">Presentaci\u00f3 M\u00fatua Enginyers COIQCV<\/a><\/p><p><a href=\"https:\/\/coiqcv.com\/wp-content\/uploads\/2024\/11\/PDF-OFERTA-COLEGIO-Ing-QUIMICOS-74298-2025.pdf\" target=\"_blank\" rel=\"noopener\">Asseguran\u00e7a m\u00e8dica ASISA 2025<\/a><\/p><p><a href=\"https:\/\/coiqcv.com\/descargas\/Spreferentes\/MUTUA_INGENIEROS_COIQCV.jpg\">Productes M\u00fatua Previsi\u00f3<\/a><\/p><p><a href=\"https:\/\/coiqcv.com\/descargas\/Spreferentes\/Serpreco_correduria_COIQCV.jpg\">Serpreco la corredoria dels enginyers COIQCV<\/a><\/p><p><strong>Contacte:<\/strong><\/p><p>Juan Jos\u00e9 P\u00e9rez<br \/>Avda. Fran\u00e7a, n\u00ba 55<br \/>46023 Val\u00e8ncia<br \/>Tel\u00e8fon: 963 319 983<br \/>Fax: 963 319 987<br \/>E-mail:\u00a0<a href=\"mailto:valencia@mutua-ingenieros.com\">valencia@mutua-ingenieros.com<\/a><\/p>\t\t\t\t\t\t\t\t<\/div>\n\t\t\t\t<\/div>\n\t\t\t\t<\/div>\n\t\t<div data-particle_enable=\"false\" data-particle-mobile-disabled=\"false\" id=\"e-n-tab-content-1612200673\" role=\"tabpanel\" aria-labelledby=\"e-n-tab-title-1612200673\" data-tab-index=\"3\" style=\"--n-tabs-title-order: 3;\" class=\"elementor-element elementor-element-1e61d7c e-con-full e-flex e-con e-child\" data-id=\"1e61d7c\" data-element_type=\"container\" data-e-type=\"container\" data-settings=\"{&quot;jet_parallax_layout_list&quot;:[]}\">\n\t\t\t\t<div class=\"elementor-element elementor-element-05e7f3b elementor-widget elementor-widget-text-editor\" data-id=\"05e7f3b\" data-element_type=\"widget\" data-e-type=\"widget\" data-widget_type=\"text-editor.default\">\n\t\t\t\t<div class=\"elementor-widget-container\">\n\t\t\t\t\t\t\t\t\t<p><img decoding=\"async\" class=\"aligncenter\" src=\"https:\/\/coiqcv.com\/img\/servicios_preferentes\/logo44.jpg\" alt=\"DEKRA\" \/><\/p><h1>DEKRA<\/h1><p>El <strong>CO<span style=\"color: #c80028;\">IQ<\/span>CV<\/strong> ha signat un acord amb l&#039;empresa <strong>DEKRA<\/strong> pel qual els nostres col\u00b7legiats es beneficiaran d&#039;un <strong><span style=\"color: #c80028;\">10% de descompte en cursos<\/span> oberts organitzats a tot Espanya<\/strong> i d&#039;un <span style=\"color: #c80028;\">5% de descompte en serveis de consultoria i assaig<\/span> a enginyers col\u00b7legiats que treballin per compte propi.<\/p><p>Tots els cursos impartits per DEKRA s\u00f3n <span style=\"color: #c80028;\"><strong>bonificables<\/strong> <\/span>de la quota de la Seguretat Social per <span style=\"color: #c80028;\"><strong>FUNDAE<\/strong> <\/span>(llevat dels cursos <br \/><em>e-Learning<\/em>)<\/p><p><span class=\"verde\">\u2022\u00a0<\/span><a href=\"https:\/\/coiqcv.com\/wp-content\/uploads\/2023\/11\/catalogo-formacian-dekra-2024.pdf\">Cat\u00e0leg formatiu 2024<\/a><\/p><p><a href=\"https:\/\/www.dekra.es\/\" target=\"_blank\" rel=\"noopener\">www.dekra.es<\/a><\/p>\t\t\t\t\t\t\t\t<\/div>\n\t\t\t\t<\/div>\n\t\t\t\t<div class=\"elementor-element elementor-element-e94ca52 elementor-widget elementor-widget-text-editor\" data-id=\"e94ca52\" data-element_type=\"widget\" data-e-type=\"widget\" data-widget_type=\"text-editor.default\">\n\t\t\t\t<div class=\"elementor-widget-container\">\n\t\t\t\t\t\t\t\t\t<p><img decoding=\"async\" class=\"aligncenter\" src=\"https:\/\/coiqcv.com\/img\/servicios_preferentes\/logo70.jpg\" alt=\"BUREAU VERITAS\" \/><\/p><h1>BUREAU VERITAS<\/h1><p>El conveni amb <strong>Bureau Veritas<\/strong> permet als col\u00b7legiats gaudir d&#039;un <span style=\"color: #c80028;\"><strong>10% de descompte addicional al millor preu ofert<\/strong><\/span> a tota la seva oferta formativa.<\/p><p><strong>Inscripcions<\/strong> a trav\u00e9s del CO<span style=\"color: #993300;\">IQ<\/span>CV.<\/p><p>Recorda indicar que ets membre del CO<span style=\"color: #c80028;\">IQ<\/span>CV perqu\u00e8 t&#039;apliquin el descompte.<\/p>\t\t\t\t\t\t\t\t<\/div>\n\t\t\t\t<\/div>\n\t\t\t\t<div class=\"elementor-element elementor-element-0b7743f elementor-widget elementor-widget-text-editor\" data-id=\"0b7743f\" data-element_type=\"widget\" data-e-type=\"widget\" data-widget_type=\"text-editor.default\">\n\t\t\t\t<div class=\"elementor-widget-container\">\n\t\t\t\t\t\t\t\t\t<p><img loading=\"lazy\" decoding=\"async\" class=\"wp-image-7616 aligncenter\" src=\"https:\/\/coiqcv.com\/wp-content\/uploads\/2025\/03\/ainia-learning.png\" alt=\"\" width=\"167\" height=\"78\" \/><\/p><h1>AINIA<\/h1><p><span style=\"font-size: 16px;\">El conveni amb Ainia<\/span><span style=\"font-size: 16px;\">\u00a0permet als col\u00b7legiats gaudir d&#039;un <\/span><span style=\"color: #c80028;\"><strong>20% de descompte.<\/strong><\/span><\/p><p><a href=\"https:\/\/formacion.ainia.es\/\">Cat\u00e0leg de cursos.<\/a><\/p><p>Recorda indicar que ets membre del CO<span style=\"color: #c80028;\">IQ<\/span>CV perqu\u00e8 t&#039;apliquin el descompte.<\/p>\t\t\t\t\t\t\t\t<\/div>\n\t\t\t\t<\/div>\n\t\t\t\t<div class=\"elementor-element elementor-element-e8c1ae2 elementor-widget elementor-widget-text-editor\" data-id=\"e8c1ae2\" data-element_type=\"widget\" data-e-type=\"widget\" data-widget_type=\"text-editor.default\">\n\t\t\t\t<div class=\"elementor-widget-container\">\n\t\t\t\t\t\t\t\t\t<p><img loading=\"lazy\" decoding=\"async\" class=\"size-full wp-image-5423 aligncenter\" src=\"https:\/\/coiqcv.com\/wp-content\/uploads\/2024\/04\/logo-camara-valencia.jpg\" alt=\"\" width=\"250\" height=\"93\" \/><\/p><h1>Cambra Val\u00e8ncia<\/h1><p><span style=\"font-size: 16px;\">El conveni amb Cambra Val\u00e8ncia<\/span><span style=\"font-size: 16px;\"> permet als col\u00b7legiats gaudir dels seg\u00fcents descomptes:\u00a0<\/span><\/p><ul><li><a href=\"https:\/\/www.camaravalencia.com\/formacion\/masters\/\"><strong>M\u00e0sters<\/strong><\/a> \u2013 5% de descompte<\/li><li><a href=\"https:\/\/www.camaravalencia.com\/formacion\/programas-executive\/\"><strong>Programes Executive<\/strong><\/a> \u2013 5% de descompte<\/li><li><a href=\"https:\/\/www.camaravalencia.com\/formacion\/cursos-actualizacion\/\"><strong>Curs d&#039;actualitzaci\u00f3<\/strong><\/a> \u2013 10% de descompte<\/li><li><a href=\"https:\/\/www.camaravalencia.com\/formacion\/incompany\/\"><strong>Formaci\u00f3 a mida<\/strong><\/a> \u2013 20% de descompte<\/li><\/ul><p>\u00a0<\/p><p>Recorda indicar que ets membre del CO<span style=\"color: #c80028;\">IQ<\/span>CV perqu\u00e8 t&#039;apliquin el descompte.<\/p>\t\t\t\t\t\t\t\t<\/div>\n\t\t\t\t<\/div>\n\t\t\t\t<div class=\"elementor-element elementor-element-3d7ddd8 elementor-widget elementor-widget-text-editor\" data-id=\"3d7ddd8\" data-element_type=\"widget\" data-e-type=\"widget\" data-widget_type=\"text-editor.default\">\n\t\t\t\t<div class=\"elementor-widget-container\">\n\t\t\t\t\t\t\t\t\t<p><img decoding=\"async\" class=\"aligncenter\" src=\"https:\/\/coiqcv.com\/img\/servicios_preferentes\/logo59.jpg\" alt=\"AIMPLAS (Instituto Tecnol\u00f3gico del Pl\u00e1stico)\" \/><\/p><h1>AIMPLAS (Institut Tecnol\u00f2gic del Pl\u00e0stic)<\/h1><p>El COIQCV i AIMPLAS (Institut Tecnol\u00f2gic del Pl\u00e0stic) han formalitzat un conveni de col\u00b7laboraci\u00f3 perqu\u00e8 els nostres col\u00b7legiats es benefici\u00efn d&#039;un descompte del 10% en la seva formaci\u00f3 i un preu redu\u00eft al M\u00e0ster en Tecnologia de Materials Polim\u00e8rics i Comp\u00f2sits, aix\u00ed com als dos diplomes despecialitzaci\u00f3 que el componen: Materials Polim\u00e8rics i Composites i Processat de Materials Pol\u00edmers i Composites.<\/p><p><a href=\"https:\/\/www.plasticsacademy.es\/postgrados-universitarios\/master-tecnologias-polimeros-composites\">Informaci\u00f3 sobre el M\u00e0ster i preinscripci\u00f3<\/a><\/p><p><a href=\"https:\/\/www.plasticsacademy.es\/oferta-formativa\">Informaci\u00f3 sobre els cursos formaci\u00f3 AIMPLAS<\/a><\/p>\t\t\t\t\t\t\t\t<\/div>\n\t\t\t\t<\/div>\n\t\t\t\t<div class=\"elementor-element elementor-element-e7eed3c elementor-widget elementor-widget-text-editor\" data-id=\"e7eed3c\" data-element_type=\"widget\" data-e-type=\"widget\" data-widget_type=\"text-editor.default\">\n\t\t\t\t<div class=\"elementor-widget-container\">\n\t\t\t\t\t\t\t\t\t<p><img decoding=\"async\" class=\"aligncenter\" src=\"https:\/\/coiqcv.com\/img\/servicios_preferentes\/logo72.jpg\" alt=\"ARAWORKS\" \/><\/p><h1>ARAWORKS<\/h1><p>El COIQCV signa un acord amb l&#039;empresa Araworks amb qu\u00e8 els nostres col\u00b7legiats es beneficiaran d&#039;un 50% de descompte en la seva formaci\u00f3 en l\u00ednia sobre Solidworks. Si contracteu el curs a trav\u00e9s d&#039;una empresa, el descompte ser\u00e0 del 20%.<\/p><p><a href=\"https:\/\/araworks.es\/\" target=\"_blanck\" data-wplink-edit=\"true\">Araworks<\/a><\/p>\t\t\t\t\t\t\t\t<\/div>\n\t\t\t\t<\/div>\n\t\t\t\t<div class=\"elementor-element elementor-element-2409dc6 elementor-widget elementor-widget-text-editor\" data-id=\"2409dc6\" data-element_type=\"widget\" data-e-type=\"widget\" data-widget_type=\"text-editor.default\">\n\t\t\t\t<div class=\"elementor-widget-container\">\n\t\t\t\t\t\t\t\t\t<p><img decoding=\"async\" class=\"aligncenter\" src=\"https:\/\/coiqcv.com\/img\/servicios_preferentes\/logo73.jpg\" alt=\"BEQUINOR\" \/><\/p><h1>BEQUINOR<\/h1><p>Amb la signatura d&#039;un conveni de col\u00b7laboraci\u00f3 entre BEQUINOR i el COIQCV els col\u00b7legiats accedeixen a tota l&#039;oferta formativa de\u00a0<a href=\"https:\/\/bequinor.org\/\" target=\"_blank\" rel=\"noopener\">www.bequinor.org<\/a>\u00a0amb un 10% de descompte.<br \/>Aqu\u00ed teniu un link als\u00a0<a href=\"https:\/\/bequinor.org\/formacion\/\" target=\"_blank\" rel=\"noopener\">propers cursos<\/a>.<\/p>\t\t\t\t\t\t\t\t<\/div>\n\t\t\t\t<\/div>\n\t\t\t\t<div class=\"elementor-element elementor-element-62e1cbb elementor-widget elementor-widget-text-editor\" data-id=\"62e1cbb\" data-element_type=\"widget\" data-e-type=\"widget\" data-widget_type=\"text-editor.default\">\n\t\t\t\t<div class=\"elementor-widget-container\">\n\t\t\t\t\t\t\t\t\t<p><img decoding=\"async\" class=\"aligncenter\" src=\"https:\/\/coiqcv.com\/img\/servicios_preferentes\/logo52.jpg\" alt=\"CAChemE\" \/><\/p><h1>CAChemE<\/h1><p>El Col\u00b7legi ha signat un acord de col\u00b7laboraci\u00f3 amb CAChemE, associaci\u00f3 sense \u00e0nim de lucre formada per Enginyers Qu\u00edmics, sent un dels seus objectius promoure els avantatges de les noves eines de programari lliure disponibles i fomentar-ne l&#039;\u00fas tant a la ind\u00fastria com a l&#039;\u00e0rea m\u00e9s acad\u00e8mica. Tota la formaci\u00f3 que imparteixen \u00e9s gratu\u00efta.<\/p><p>M\u00e9s informaci\u00f3:\u00a0<a href=\"http:\/\/cacheme.org\/category\/tutorial\/\">cacheme.org<\/a><\/p>\t\t\t\t\t\t\t\t<\/div>\n\t\t\t\t<\/div>\n\t\t\t\t<div class=\"elementor-element elementor-element-a4a2c80 elementor-widget elementor-widget-text-editor\" data-id=\"a4a2c80\" data-element_type=\"widget\" data-e-type=\"widget\" data-widget_type=\"text-editor.default\">\n\t\t\t\t<div class=\"elementor-widget-container\">\n\t\t\t\t\t\t\t\t\t<img decoding=\"async\" class=\"aligncenter\" style=\"width: 200px; height: auto;\" src=\"https:\/\/coiqcv.com\/wp-content\/uploads\/2024\/06\/ceei-cs.png\" \/>\n<h1>CEEI Castell\u00f3<\/h1>\nMitjan\u00e7ant l&#039;acord signat amb el Centre Europeu d&#039;Empreses Innovadores de Castell\u00f3 (CEEI Castell\u00f3) els col\u00b7legiats es beneficiaran dels programes de formaci\u00f3 i projectes que s&#039;ofereixin a trav\u00e9s de CEEI Castell\u00f3.\n\n<b>M\u00e9s informaci\u00f3<\/b>:<a href=\"http:\/\/www.ceei-castellon.com\"> www.ceei-castellon.com<\/a>\t\t\t\t\t\t\t\t<\/div>\n\t\t\t\t<\/div>\n\t\t\t\t<div class=\"elementor-element elementor-element-8bb7ba9 elementor-widget elementor-widget-text-editor\" data-id=\"8bb7ba9\" data-element_type=\"widget\" data-e-type=\"widget\" data-widget_type=\"text-editor.default\">\n\t\t\t\t<div class=\"elementor-widget-container\">\n\t\t\t\t\t\t\t\t\t<p><img decoding=\"async\" class=\"aligncenter\" style=\"width: 200px; height: auto;\" src=\"https:\/\/coiqcv.com\/wp-content\/uploads\/2024\/06\/f540929a-d2fa-4524-a3d5-6b31848ccf88.jpg\" \/><\/p><h1>CEEI Val\u00e8ncia<\/h1><p>Per mitj\u00e0 de l&#039;acord subscrit amb el Centre Europeu d&#039;Empreses Innovadores de Val\u00e8ncia (CEEI Val\u00e8ncia), els membres col\u00b7legiats gaudiran d&#039;acc\u00e9s privilegiat als <strong>programes formatius i projectes<\/strong> promoguts per CEEI Val\u00e8ncia.<\/p><p><strong>M\u00e9s informaci\u00f3:<\/strong><a class=\"verde\" href=\"https:\/\/ceeivalencia.emprenemjunts.es\/\"> https:\/\/ceeivalencia.emprenemjunts.es\/<\/a><\/p>\t\t\t\t\t\t\t\t<\/div>\n\t\t\t\t<\/div>\n\t\t\t\t<div class=\"elementor-element elementor-element-de6a1c0 elementor-widget elementor-widget-text-editor\" data-id=\"de6a1c0\" data-element_type=\"widget\" data-e-type=\"widget\" data-widget_type=\"text-editor.default\">\n\t\t\t\t<div class=\"elementor-widget-container\">\n\t\t\t\t\t\t\t\t\t<p><img decoding=\"async\" class=\"aligncenter\" src=\"https:\/\/coiqcv.com\/img\/servicios_preferentes\/logo56.jpg\" alt=\"Colegio Profesional de Ciencias Ambientales de la Comunitat Valenciana (COAMBCV)\" \/><\/p><h1>Col\u00b7legi Professional de Ci\u00e8ncies Ambientals de la Comunitat Valenciana (COAMBCV)<\/h1><p>El COIQCV i el COAMBCV, entitats de dret p\u00fablic, han signat un acord de col\u00b7laboraci\u00f3 en mat\u00e8ria de formaci\u00f3 per oferir als seus associats formaci\u00f3 a preus especials de col\u00b7legiat a tota la seva oferta formativa.<\/p><p>Cat\u00e0leg de formaci\u00f3:<br \/><a href=\"http:\/\/www.coambcv.com\/coambcv3x\/formacion\">www.coambcv.com<\/a><\/p>\t\t\t\t\t\t\t\t<\/div>\n\t\t\t\t<\/div>\n\t\t\t\t<div class=\"elementor-element elementor-element-fe7b075 elementor-widget elementor-widget-text-editor\" data-id=\"fe7b075\" data-element_type=\"widget\" data-e-type=\"widget\" data-widget_type=\"text-editor.default\">\n\t\t\t\t<div class=\"elementor-widget-container\">\n\t\t\t\t\t\t\t\t\t<p><img decoding=\"async\" class=\"aligncenter\" src=\"https:\/\/coiqcv.com\/img\/servicios_preferentes\/logo62.jpg\" alt=\"CUBICOFF\" \/><\/p><h1>CUBICOFF<\/h1><p>El COIQCV i Cubicoff signen un acord de formaci\u00f3 en l\u00ednia pel qual els col\u00b7legiats es beneficien d&#039;un descompte del 10% en la seva oferta formativa en l\u00ednia.<\/p><p><a href=\"https:\/\/cubicoff.com\/\">www.cubicoff.com<\/a><\/p>\t\t\t\t\t\t\t\t<\/div>\n\t\t\t\t<\/div>\n\t\t\t\t<div class=\"elementor-element elementor-element-45dab0d elementor-widget elementor-widget-text-editor\" data-id=\"45dab0d\" data-element_type=\"widget\" data-e-type=\"widget\" data-widget_type=\"text-editor.default\">\n\t\t\t\t<div class=\"elementor-widget-container\">\n\t\t\t\t\t\t\t\t\t<p><img decoding=\"async\" class=\"aligncenter\" src=\"https:\/\/coiqcv.com\/img\/servicios_preferentes\/logo17.jpg\" alt=\"Fimed\" \/><\/p><h1>Fime<\/h1><p>El COIQCV signa un acord amb l&#039;empresa FIMED per promoure la formaci\u00f3 continuada dels col\u00b7legiats. Gr\u00e0cies a aquest acord, els nostres col\u00b7legiats es beneficien d&#039;un 15% de descompte en la seva formaci\u00f3.<\/p><p>FIMED autoritzada com a entitat organitzadora pot gestionar la formaci\u00f3 bonificada de les empreses tal com estableix el Reial decret 395\/2007 que regula el sistema de formaci\u00f3 professional per a l&#039;ocupaci\u00f3 en mat\u00e8ria de formaci\u00f3 i el seu finan\u00e7ament.<\/p><p><a class=\"verde\" href=\"http:\/\/www.fimed.es\/\">www.fimed.es<\/a><\/p>\t\t\t\t\t\t\t\t<\/div>\n\t\t\t\t<\/div>\n\t\t\t\t<div class=\"elementor-element elementor-element-7e3910f elementor-widget elementor-widget-text-editor\" data-id=\"7e3910f\" data-element_type=\"widget\" data-e-type=\"widget\" data-widget_type=\"text-editor.default\">\n\t\t\t\t<div class=\"elementor-widget-container\">\n\t\t\t\t\t\t\t\t\t<p><img decoding=\"async\" class=\"aligncenter\" src=\"https:\/\/coiqcv.com\/img\/servicios_preferentes\/logo18.jpg\" alt=\"Grupo IMF\" \/><\/p><h1>Grup IMF<\/h1><p>El conveni amb el Grup IMF permet als col\u00b7legiats gaudir d&#039;un 5% de descompte addicional al millor preu ofert a tota la seva oferta formativa:<br \/><a href=\"http:\/\/www.imf-formacion.com\/\">www.imf-formacion.com<\/a><br \/><a href=\"https:\/\/www.imf-formacion.com\/cursos\">Programa formatiu<\/a><\/p><p>Inscripcions a trav\u00e9s del CO<span style=\"color: #993300;\">IQ<\/span>CV<\/p>\t\t\t\t\t\t\t\t<\/div>\n\t\t\t\t<\/div>\n\t\t\t\t<div class=\"elementor-element elementor-element-1432b05 elementor-widget elementor-widget-text-editor\" data-id=\"1432b05\" data-element_type=\"widget\" data-e-type=\"widget\" data-widget_type=\"text-editor.default\">\n\t\t\t\t<div class=\"elementor-widget-container\">\n\t\t\t\t\t\t\t\t\t<p><img decoding=\"async\" class=\"aligncenter\" src=\"https:\/\/coiqcv.com\/img\/servicios_preferentes\/logo60.jpg\" alt=\"Ilustre Colegio Oficial de Qu\u00edmicos de Murcia \" \/><\/p><h1>Il\u00b7lustre Col\u00b7legi Oficial de Qu\u00edmics de M\u00farcia<\/h1><p>El COIQCV i el COLQUIMUR (Il\u00b7lustre Col\u00b7legi Oficial de Qu\u00edmics de M\u00farcia) han signat un conveni per millorar i ampliar els serveis que ofereixen als seus col\u00b7legiats en mat\u00e8ria de formaci\u00f3 pel qual tots els nostres col\u00b7legiats es beneficien d&#039;un preu col\u00b7legiat als seus cursos tant a els presencials com els de modalitat mixta i en l\u00ednia, entre els quals destaca el Curs Preparatori d&#039;acc\u00e9s al QIR en modalitat en l\u00ednia.<\/p><p><a href=\"https:\/\/colquimurformacion.com\/catalogo\/\" target=\"_blank\" rel=\"noopener\">www.colquimur.com<\/a><\/p>\t\t\t\t\t\t\t\t<\/div>\n\t\t\t\t<\/div>\n\t\t\t\t<div class=\"elementor-element elementor-element-de36464 elementor-widget elementor-widget-text-editor\" data-id=\"de36464\" data-element_type=\"widget\" data-e-type=\"widget\" data-widget_type=\"text-editor.default\">\n\t\t\t\t<div class=\"elementor-widget-container\">\n\t\t\t\t\t\t\t\t\t<p><img decoding=\"async\" class=\"aligncenter\" src=\"https:\/\/coiqcv.com\/img\/servicios_preferentes\/logo38.jpg\" alt=\"Instituto de Tecnolog\u00eda Cer\u00e1mica\" \/><\/p><h1>Institut de Tecnologia Cer\u00e0mica<\/h1><p>El COIQCV mant\u00e9 un acord de col\u00b7laboraci\u00f3 amb l&#039;Institut de Tecnologia Cer\u00e0mica pel qual gaudiu d&#039;un descompte del 15% a la vostra oferta formativa:<\/p><p>Informaci\u00f3 sobre formaci\u00f3<br \/><a class=\"morado\" href=\"https:\/\/www.itc.uji.es\/proximos-cursos-jornadas\/\">R+D+i, Innovaci\u00f3- Institut de Tecnologia Cer\u00e0mica. (uji.es)<\/a><\/p>\t\t\t\t\t\t\t\t<\/div>\n\t\t\t\t<\/div>\n\t\t\t\t<div class=\"elementor-element elementor-element-2160200 elementor-widget elementor-widget-text-editor\" data-id=\"2160200\" data-element_type=\"widget\" data-e-type=\"widget\" data-widget_type=\"text-editor.default\">\n\t\t\t\t<div class=\"elementor-widget-container\">\n\t\t\t\t\t\t\t\t\t<p><img decoding=\"async\" class=\"aligncenter\" src=\"https:\/\/coiqcv.com\/img\/servicios_preferentes\/logo63.jpg\" alt=\"Instituto Tecnol\u00f3gico Metalmec\u00e1nico, Mueble, Madera, Embalaje y Afines y Universidad Cat\u00f3lica de Valencia\" \/><\/p><h1>Institut Tecnol\u00f2gic Metalmec\u00e0nic, Moble, Fusta, Embalatge i Afins i Universitat Cat\u00f2lica de Val\u00e8ncia<\/h1><p>L&#039;acord amb AIDIMME i la Universitat Cat\u00f2lica de Val\u00e8ncia promou la formaci\u00f3 continuada dels col\u00b7legiats que gaudeixen d&#039;un descompte del 10% \u00e9s els M\u00e0sters:<\/p><p><span class=\"verde\">\u2022\u00a0<\/span><a href=\"http:\/\/master.aidimme.es\/masteres-universitarios\/gestion-integrada\/\">M\u00e0ster Universitari en Gesti\u00f3 Integrada de Sistemes de Qualitat, Medi Ambient i Seguretat i Salut en el Treball \u2013 PRL<\/a><\/p><p><span class=\"verde\">\u2022\u00a0<\/span><a href=\"http:\/\/master.aidimme.es\/masteres-universitarios\/master-prl\/\">M\u00e0ster Universitari en Prevenci\u00f3 de Riscos Laborals<\/a><\/p><p><span class=\"verde\">\u2022\u00a0<\/span><a href=\"http:\/\/master.aidimme.es\/master-gestion\/\">Doble M\u00e0ster Universitari<\/a><\/p><p>AIDIMME tamb\u00e9 organitza interessant formaci\u00f3 en diverses \u00e0rees de les que els nostres col\u00b7legiats es beneficien d&#039;un descompte del 13%:<br \/><span class=\"verde\">\u2022\u00a0<\/span><a href=\"https:\/\/www.aidimme.es\/@formacion-oferta-formativa#cursos\">Oferta formativa<\/a><\/p><p><a class=\"verde\" href=\"http:\/\/www.ucv.es\/\">www.ucv.es<\/a><\/p><p><a class=\"verde\" href=\"http:\/\/www.aidimme.es\/\">www.aidimme.es<\/a><\/p>\t\t\t\t\t\t\t\t<\/div>\n\t\t\t\t<\/div>\n\t\t\t\t<div class=\"elementor-element elementor-element-86fd440 elementor-widget elementor-widget-text-editor\" data-id=\"86fd440\" data-element_type=\"widget\" data-e-type=\"widget\" data-widget_type=\"text-editor.default\">\n\t\t\t\t<div class=\"elementor-widget-container\">\n\t\t\t\t\t\t\t\t\t<p><img decoding=\"async\" class=\"aligncenter\" src=\"https:\/\/coiqcv.com\/img\/servicios_preferentes\/logo15.jpg\" alt=\"QUIMACOVA\" \/><\/p><h1>QUIMACOVA<\/h1><p>Mitjan\u00e7ant l&#039;acord signat amb QUIMACOVA (Associaci\u00f3 Qu\u00edmica i Mediambiental del Sector Qu\u00edmic de la Comunitat Valenciana), els col\u00b7legiats del COIQCV podran accedir als cursos,\u00a0<strong>jornades i programes formatius<\/strong>\u00a0que ofereix o difon aquesta associaci\u00f3 amb\u00a0<strong>descomptes del 10%<\/strong>.<\/p><p><a class=\"verde\" href=\"http:\/\/www.quimacova.org\/\">www.quimacova.org<\/a><\/p>\t\t\t\t\t\t\t\t<\/div>\n\t\t\t\t<\/div>\n\t\t\t\t<div class=\"elementor-element elementor-element-6acf37c elementor-widget elementor-widget-text-editor\" data-id=\"6acf37c\" data-element_type=\"widget\" data-e-type=\"widget\" data-widget_type=\"text-editor.default\">\n\t\t\t\t<div class=\"elementor-widget-container\">\n\t\t\t\t\t\t\t\t\t<p><img decoding=\"async\" class=\"aligncenter\" src=\"https:\/\/coiqcv.com\/img\/servicios_preferentes\/logo64.jpg\" alt=\"Servicios de Control e Inspecci\u00f3n (SCI)\" \/><\/p><h1>Serveis de Control i Inspecci\u00f3 (SCI)<\/h1><p>El COIQCV i Serveis de Control i Inspecci\u00f3 (SCI) han signat un acord pel qual tots els nostres col\u00b7legiats us beneficieu d&#039;un descompte del 15% en serveis de consultoria i assaigs a col\u00b7legiats que treballin per compte propi i d&#039;un 10% de descompte als cursos organitzats a la Comunitat Val\u00e8ncia. Si esteu interessats en algun curs fora de la Comunitat Valenciana indicar-nos-ho i es gestionar\u00e0 un descompte amb aquesta delegaci\u00f3.<\/p><p>M\u00e9s informaci\u00f3 sobre els serveis i formaci\u00f3 de SCI a:\u00a0<a href=\"http:\/\/www.scisa.es\/\" target=\"_blank\" rel=\"noopener\">www.scisa.es<\/a><\/p>\t\t\t\t\t\t\t\t<\/div>\n\t\t\t\t<\/div>\n\t\t\t\t<div class=\"elementor-element elementor-element-d8b6184 elementor-widget elementor-widget-text-editor\" data-id=\"d8b6184\" data-element_type=\"widget\" data-e-type=\"widget\" data-widget_type=\"text-editor.default\">\n\t\t\t\t<div class=\"elementor-widget-container\">\n\t\t\t\t\t\t\t\t\t<p><img decoding=\"async\" class=\"aligncenter\" src=\"https:\/\/coiqcv.com\/img\/servicios_preferentes\/logo31.jpg\" alt=\"WATERXPERT\" \/><\/p><h1>WATERXPERT<\/h1><p>Mitjan\u00e7ant l&#039;acord signat amb Waterxpert, els col\u00b7legiats del COIQCV podran gaudir d&#039;un 15% de descompte sobre la tarifa completa (inscripci\u00f3 a t\u00edtol personal i no mitjan\u00e7ant empresa)<\/p><p><a href=\"http:\/\/www.waterxpert.com\/\">www.waterxpert.com<\/a><\/p>\t\t\t\t\t\t\t\t<\/div>\n\t\t\t\t<\/div>\n\t\t\t\t<div class=\"elementor-element elementor-element-f5d02a5 elementor-widget elementor-widget-text-editor\" data-id=\"f5d02a5\" data-element_type=\"widget\" data-e-type=\"widget\" data-widget_type=\"text-editor.default\">\n\t\t\t\t<div class=\"elementor-widget-container\">\n\t\t\t\t\t\t\t\t\t<p><img decoding=\"async\" class=\"DestaKando aligncenter\" src=\"https:\/\/coiqcv.com\/wp-content\/uploads\/2024\/09\/logo.Destakando.png\" alt=\"WATERXPERT\" \/><\/p><h1>DestaKando<\/h1><p>Mitjan\u00e7ant l&#039;acord signat amb DestaKando, els col\u00b7legiats del COIQCV podran gaudir d&#039;un 15% de descompte sobre les tarifes que apareixen a la web (descompte aplicable fins i tot als cursos amb descomptes propis). <span style=\"color: #ff0000;\"><strong>coiqcv<\/strong><\/span><\/p><p><a href=\"https:\/\/www.cursos.destakando.com\/\">https:\/\/www.cursos.destakando.com\/<\/a><\/p>\t\t\t\t\t\t\t\t<\/div>\n\t\t\t\t<\/div>\n\t\t\t\t<\/div>\n\t\t<div data-particle_enable=\"false\" data-particle-mobile-disabled=\"false\" id=\"e-n-tab-content-1612200674\" role=\"tabpanel\" aria-labelledby=\"e-n-tab-title-1612200674\" data-tab-index=\"4\" style=\"--n-tabs-title-order: 4;\" class=\"elementor-element elementor-element-4de46f9 e-flex e-con-boxed e-con e-child\" data-id=\"4de46f9\" data-element_type=\"container\" data-e-type=\"container\" data-settings=\"{&quot;jet_parallax_layout_list&quot;:[]}\">\n\t\t\t\t\t<div class=\"e-con-inner\">\n\t\t\t\t<div class=\"elementor-element elementor-element-a7e9581 elementor-widget elementor-widget-text-editor\" data-id=\"a7e9581\" data-element_type=\"widget\" data-e-type=\"widget\" data-widget_type=\"text-editor.default\">\n\t\t\t\t<div class=\"elementor-widget-container\">\n\t\t\t\t\t\t\t\t\t<p><img decoding=\"async\" src=\"https:\/\/coiqcv.com\/img\/servicios_preferentes\/logo68.jpg\" alt=\"Myentrada\" \/><\/p><h1>Myentrada<\/h1><p>El COIQCV i Myentrada han formalitzat un conveni perqu\u00e8 els nostres col\u00b7legiats puguin beneficiar-se de descomptes en entrades de cinema i espectacles.<\/p><p>Podeu accedir a l&#039;oferta des d&#039;aquest enlla\u00e7:\u00a0<a href=\"https:\/\/www.myentrada.com\/individuales.php?QCU5GAR0PGM2XFD\">myentrada<\/a><\/p>\t\t\t\t\t\t\t\t<\/div>\n\t\t\t\t<\/div>\n\t\t\t\t\t<\/div>\n\t\t\t\t<\/div>\n\t\t<div data-particle_enable=\"false\" data-particle-mobile-disabled=\"false\" id=\"e-n-tab-content-1612200675\" role=\"tabpanel\" aria-labelledby=\"e-n-tab-title-1612200675\" data-tab-index=\"5\" style=\"--n-tabs-title-order: 5;\" class=\"elementor-element elementor-element-116a6a1 e-flex e-con-boxed e-con e-child\" data-id=\"116a6a1\" data-element_type=\"container\" data-e-type=\"container\" data-settings=\"{&quot;jet_parallax_layout_list&quot;:[]}\">\n\t\t\t\t\t<div class=\"e-con-inner\">\n\t\t\t\t<div class=\"elementor-element elementor-element-6485690 elementor-widget elementor-widget-text-editor\" data-id=\"6485690\" data-element_type=\"widget\" data-e-type=\"widget\" data-widget_type=\"text-editor.default\">\n\t\t\t\t<div class=\"elementor-widget-container\">\n\t\t\t\t\t\t\t\t\t<p><img decoding=\"async\" src=\"https:\/\/coiqcv.com\/img\/servicios_preferentes\/logo22.jpg\" alt=\"Universidad de Alicante\" \/><\/p><h1>Universitat d&#039;Alacant<\/h1><p>El conveni signat entre el COIQCV i la UA permetr\u00e0, entre altres coses, la utilitzaci\u00f3 per part dels col\u00b7legiats de la biblioteca i l&#039;hemeroteca de la universitat.<\/p><p><a href=\"https:\/\/coiqcv.com\/descargas\/Spreferentes\/Convenio_UA.pdf\">Descarregar conveni<\/a><\/p><p><a class=\"verde\" href=\"http:\/\/www.ua.es\/\">www.ua.es<\/a><\/p><p><a href=\"http:\/\/www.eps.ua.es\/\">www.eps.ua.es<\/a><\/p>\t\t\t\t\t\t\t\t<\/div>\n\t\t\t\t<\/div>\n\t\t\t\t<div class=\"elementor-element elementor-element-4b45701 elementor-widget elementor-widget-text-editor\" data-id=\"4b45701\" data-element_type=\"widget\" data-e-type=\"widget\" data-widget_type=\"text-editor.default\">\n\t\t\t\t<div class=\"elementor-widget-container\">\n\t\t\t\t\t\t\t\t\t<p><img decoding=\"async\" src=\"https:\/\/coiqcv.com\/img\/servicios_preferentes\/logo23.jpg\" alt=\"Universidad Polit\u00e9cnica de Valencia\" \/><\/p><h1>Universitat Polit\u00e8cnica de Val\u00e8ncia<\/h1><p>El COIQCV mant\u00e9 un conveni de Col\u00b7laboraci\u00f3 amb la Universitat Polit\u00e8cnica de Val\u00e8ncia mitjan\u00e7ant el qual els col\u00b7legiats (exalumnes o no de la UPV) poden formar part d&#039;ALUMNI-UPV obtenint nombrosos avantatges a qualsevol dels campus de la UPV.<\/p><p>Com a Col\u00b7legiat\/da pots formar part de la comunitat ALUMNI UPV. El procediment per fer la inscripci\u00f3 \u00e9s a trav\u00e9s de la web on es troba l&#039;enlla\u00e7 al formulari d&#039;Alta.<\/p><p>Els col\u00b7legiats, titulats a la UPV, poden iniciar sessi\u00f3, amb el DNI i el PIN, d&#039;aquesta manera les seves dades es carreguen al formulari, o introduir les seves dades de forma manual. Els col\u00b7legiats, no titulats a la UPV, poden completar la sol\u00b7licitud i quedant pendent de validar, fins a obtenir la confirmaci\u00f3 de pertinen\u00e7a al col\u00b7legi.<\/p><p><a href=\"https:\/\/coiqcv.com\/descargas\/Spreferentes\/Convenio_UPV.pdf\">Descarregar conveni<\/a><\/p><p>M\u00e9s informaci\u00f3:\u00a0<a href=\"https:\/\/www.alumni.upv.es\/es\">www.alumni.upv.es<\/a><\/p>\t\t\t\t\t\t\t\t<\/div>\n\t\t\t\t<\/div>\n\t\t\t\t<div class=\"elementor-element elementor-element-e26279c elementor-widget elementor-widget-text-editor\" data-id=\"e26279c\" data-element_type=\"widget\" data-e-type=\"widget\" data-widget_type=\"text-editor.default\">\n\t\t\t\t<div class=\"elementor-widget-container\">\n\t\t\t\t\t\t\t\t\t<p><img decoding=\"async\" src=\"https:\/\/coiqcv.com\/img\/servicios_preferentes\/logo21.jpg\" alt=\"Universitat Jaume I\" \/><\/p><h1>Universitat Jaume I<\/h1><p>El conveni signat entre el COIQCV i l&#039;UJI permetr\u00e0, entre altres coses, la utilitzaci\u00f3 per part dels col\u00b7legiats de les instal\u00b7lacions esportives i la biblioteca de la universitat.<\/p><p><a class=\"verde\" href=\"https:\/\/coiqcv.com\/img\/conveni_uji.jpg\">Veure foto\u2026<\/a><\/p><p><a href=\"https:\/\/coiqcv.com\/descargas\/Spreferentes\/Convenio_UJI.pdf\">Descarregar conveni<\/a><\/p><p><a class=\"verde\" href=\"http:\/\/www.uji.es\/\">www.uji.es<\/a><\/p><p><a class=\"verde\" href=\"http:\/\/www.qui.uji.es\/\">www.qui.uji.es<\/a><\/p>\t\t\t\t\t\t\t\t<\/div>\n\t\t\t\t<\/div>\n\t\t\t\t\t<\/div>\n\t\t\t\t<\/div>\n\t\t<div data-particle_enable=\"false\" data-particle-mobile-disabled=\"false\" id=\"e-n-tab-content-1612200676\" role=\"tabpanel\" aria-labelledby=\"e-n-tab-title-1612200676\" data-tab-index=\"6\" style=\"--n-tabs-title-order: 6;\" class=\"elementor-element elementor-element-4ddcc2b e-flex e-con-boxed e-con e-child\" data-id=\"4ddcc2b\" data-element_type=\"container\" data-e-type=\"container\" data-settings=\"{&quot;jet_parallax_layout_list&quot;:[]}\">\n\t\t\t\t\t<div class=\"e-con-inner\">\n\t\t\t\t<div class=\"elementor-element elementor-element-978859f elementor-widget elementor-widget-text-editor\" data-id=\"978859f\" data-element_type=\"widget\" data-e-type=\"widget\" data-widget_type=\"text-editor.default\">\n\t\t\t\t<div class=\"elementor-widget-container\">\n\t\t\t\t\t\t\t\t\t<p><img loading=\"lazy\" decoding=\"async\" class=\"wp-image-6164 aligncenter\" src=\"https:\/\/coiqcv.com\/wp-content\/uploads\/2024\/06\/QUIMACOVA.png\" alt=\"\" width=\"219\" height=\"57\" \/><\/p><h1>QUIMACOVA<\/h1><p>Al conveni de col\u00b7laboraci\u00f3 amb QUIMACOVA s&#039;estableix que, quan QUIMACOVA requereixi d&#039;experts en IQ, el COIQCV actuar\u00e0 com a intermediari, facilitant que els col\u00b7legiats que aix\u00ed ho desitgin tinguin la possibilitat de col\u00b7laborar amb aquesta associaci\u00f3 en temes del seu \u00e0mbit professional. Els nostres col\u00b7legiats tamb\u00e9 gaudiran d\u00b4un descompte del 10% sobre el preu general del programa formatiu de QUIMACOVA.<\/p><p><a class=\"verde\" href=\"http:\/\/www.quimacova.org\/\">www.quimacova.org<\/a><\/p>\t\t\t\t\t\t\t\t<\/div>\n\t\t\t\t<\/div>\n\t\t\t\t<div class=\"elementor-element elementor-element-77bde9a elementor-widget elementor-widget-text-editor\" data-id=\"77bde9a\" data-element_type=\"widget\" data-e-type=\"widget\" data-widget_type=\"text-editor.default\">\n\t\t\t\t<div class=\"elementor-widget-container\">\n\t\t\t\t\t\t\t\t\t<p><img decoding=\"async\" src=\"https:\/\/coiqcv.com\/img\/servicios_preferentes\/logo26.jpg\" alt=\"Torrecid\" \/><\/p><h1>Torrecid<\/h1><p>Col\u00b7laboraci\u00f3 amb el COIQCV a la inserci\u00f3 laboral dels Enginyers Qu\u00edmics, oferint tant ofertes de treball com ofertes de pr\u00e0ctiques en empresa.<\/p><p><a class=\"verde\" href=\"http:\/\/www.torrecid.com\/\">www.torrecid.com<\/a><\/p>\t\t\t\t\t\t\t\t<\/div>\n\t\t\t\t<\/div>\n\t\t\t\t\t<\/div>\n\t\t\t\t<\/div>\n\t\t<div data-particle_enable=\"false\" data-particle-mobile-disabled=\"false\" id=\"e-n-tab-content-1612200677\" role=\"tabpanel\" aria-labelledby=\"e-n-tab-title-1612200677\" data-tab-index=\"7\" style=\"--n-tabs-title-order: 7;\" class=\"elementor-element elementor-element-8db269a e-flex e-con-boxed e-con e-child\" data-id=\"8db269a\" data-element_type=\"container\" data-e-type=\"container\" data-settings=\"{&quot;jet_parallax_layout_list&quot;:[]}\">\n\t\t\t\t\t<div class=\"e-con-inner\">\n\t\t\t\t<div class=\"elementor-element elementor-element-3e3df04 elementor-widget elementor-widget-text-editor\" data-id=\"3e3df04\" data-element_type=\"widget\" data-e-type=\"widget\" data-widget_type=\"text-editor.default\">\n\t\t\t\t<div class=\"elementor-widget-container\">\n\t\t\t\t\t\t\t\t\t<p><img decoding=\"async\" src=\"https:\/\/coiqcv.com\/img\/servicios_preferentes\/logo69.jpg\" alt=\"INFOEDITA\" \/><\/p><h1>INFOEDITA<\/h1><p>El COIQCV ha arribat a un acord amb l&#039;editorial Infoedita perqu\u00e8 els nostres col\u00b7legiats gaudeixin d&#039;un 20% de descompte en la subscripci\u00f3 a les revistes Industria Qu\u00edmica, Tecnoaqua i Industriambiente. Si est\u00e0s interessat en subscriure&#039;t emplena el butllet\u00ed de subscripci\u00f3 i remet-ho per email.<\/p><p><span class=\"verde\">\u2022\u00a0<\/span><a class=\"verde\" href=\"https:\/\/coiqcv.com\/descargas\/Boletin_Suscripcion_Industria_Quimica.doc\">Butllet\u00ed de subscripci\u00f3 Ind\u00fastria Qu\u00edmica<\/a><\/p><p><span class=\"verde\">\u2022\u00a0<\/span><a class=\"verde\" href=\"https:\/\/coiqcv.com\/descargas\/Boletin_Suscripcion_Tecnoaqua.doc\">Butllet\u00ed de subscripci\u00f3 Tecnoaqua<\/a><\/p><p><span class=\"verde\">\u2022\u00a0<\/span><a class=\"verde\" href=\"https:\/\/coiqcv.com\/descargas\/Boletin_Suscripcion_Industria_Ambiente.doc\">Butllet\u00ed de subscripci\u00f3 Industriambient<\/a><\/p><p>\u00a0<\/p>\t\t\t\t\t\t\t\t<\/div>\n\t\t\t\t<\/div>\n\t\t\t\t\t<\/div>\n\t\t\t\t<\/div>\n\t\t<div data-particle_enable=\"false\" data-particle-mobile-disabled=\"false\" id=\"e-n-tab-content-1612200678\" role=\"tabpanel\" aria-labelledby=\"e-n-tab-title-1612200678\" data-tab-index=\"8\" style=\"--n-tabs-title-order: 8;\" class=\"elementor-element elementor-element-ace0be0 e-flex e-con-boxed e-con e-child\" data-id=\"ace0be0\" data-element_type=\"container\" data-e-type=\"container\" data-settings=\"{&quot;jet_parallax_layout_list&quot;:[]}\">\n\t\t\t\t\t<div class=\"e-con-inner\">\n\t\t<div data-particle_enable=\"false\" data-particle-mobile-disabled=\"false\" class=\"elementor-element elementor-element-48d86a4 e-flex e-con-boxed e-con e-child\" data-id=\"48d86a4\" data-element_type=\"container\" data-e-type=\"container\" data-settings=\"{&quot;jet_parallax_layout_list&quot;:[]}\">\n\t\t\t\t\t<div class=\"e-con-inner\">\n\t\t\t\t\t<\/div>\n\t\t\t\t<\/div>\n\t\t\t\t\t<\/div>\n\t\t\t\t<\/div>\n\t\t\t\t\t<\/div>\n\t\t<\/div>\n\t\t\t\t\t\t<\/div>\n\t\t\t\t<\/div>\n\t\t\t\t\t<\/div>\n\t\t\t\t<\/div>\n\t\t\t\t<\/div>","protected":false},"excerpt":{"rendered":"<p>Valor a\u00f1adido El COIQCV tiene como misi\u00f3n FACILITAR a nuestras\/os colegiadas\/os sus desempe\u00f1os profesionales as\u00ed como tambi\u00e9n, el desarrollo de su vida personal y de disfrute de su\u00a0tiempo libre.Es por esto que ponemos a su disposici\u00f3n Convenios que les otorgan condiciones ventajosas y servicios de Valor A\u00f1adido. En caso de que los colegiados est\u00e9n interesados, [&hellip;]<\/p>\n","protected":false},"author":1,"featured_media":0,"parent":0,"menu_order":0,"comment_status":"closed","ping_status":"closed","template":"","meta":{"_monsterinsights_skip_tracking":false,"_monsterinsights_sitenote_active":false,"_monsterinsights_sitenote_note":"","_monsterinsights_sitenote_category":0,"_uf_show_specific_survey":0,"_uf_disable_surveys":false,"footnotes":""},"class_list":["post-1279","page","type-page","status-publish","hentry"],"aioseo_notices":[],"_links":{"self":[{"href":"https:\/\/coiqcv.com\/val\/wp-json\/wp\/v2\/pages\/1279","targetHints":{"allow":["GET"]}}],"collection":[{"href":"https:\/\/coiqcv.com\/val\/wp-json\/wp\/v2\/pages"}],"about":[{"href":"https:\/\/coiqcv.com\/val\/wp-json\/wp\/v2\/types\/page"}],"author":[{"embeddable":true,"href":"https:\/\/coiqcv.com\/val\/wp-json\/wp\/v2\/users\/1"}],"replies":[{"embeddable":true,"href":"https:\/\/coiqcv.com\/val\/wp-json\/wp\/v2\/comments?post=1279"}],"version-history":[{"count":161,"href":"https:\/\/coiqcv.com\/val\/wp-json\/wp\/v2\/pages\/1279\/revisions"}],"predecessor-version":[{"id":7619,"href":"https:\/\/coiqcv.com\/val\/wp-json\/wp\/v2\/pages\/1279\/revisions\/7619"}],"wp:attachment":[{"href":"https:\/\/coiqcv.com\/val\/wp-json\/wp\/v2\/media?parent=1279"}],"curies":[{"name":"wp","href":"https:\/\/api.w.org\/{rel}","templated":true}]}}